{"id":11,"date":"2026-03-23T10:15:23","date_gmt":"2026-03-23T09:15:23","guid":{"rendered":"https:\/\/galadeportemarchena.es\/?page_id=11"},"modified":"2026-04-27T15:55:32","modified_gmt":"2026-04-27T13:55:32","slug":"premios-marchena","status":"publish","type":"page","link":"https:\/\/galadeportemarchena.es\/","title":{"rendered":"Premios marchena"},"content":{"rendered":"\t\t<div data-elementor-type=\"wp-page\" data-elementor-id=\"11\" class=\"elementor elementor-11\" data-elementor-post-type=\"page\">\n\t\t\t\t<div class=\"elementor-element elementor-element-44c8d07 e-flex e-con-boxed e-con e-parent\" data-id=\"44c8d07\" data-element_type=\"container\" data-e-type=\"container\">\n\t\t\t\t\t<div class=\"e-con-inner\">\n\t\t<div class=\"elementor-element elementor-element-bc6bf4f e-con-full e-flex e-con e-child\" data-id=\"bc6bf4f\" data-element_type=\"container\" data-e-type=\"container\">\n\t\t\t\t<div class=\"elementor-element elementor-element-ceb8b7b elementor-widget elementor-widget-image\" data-id=\"ceb8b7b\" data-element_type=\"widget\" data-e-type=\"widget\" data-widget_type=\"image.default\">\n\t\t\t\t\t\t\t\t\t\t\t\t\t\t\t<img fetchpriority=\"high\" decoding=\"async\" width=\"557\" height=\"148\" src=\"https:\/\/galadeportemarchena.es\/wp-content\/uploads\/2026\/03\/logo-marchena_03.jpg\" class=\"attachment-full size-full wp-image-18\" alt=\"Logo Marchena Deportes\" srcset=\"https:\/\/galadeportemarchena.es\/wp-content\/uploads\/2026\/03\/logo-marchena_03.jpg 557w, https:\/\/galadeportemarchena.es\/wp-content\/uploads\/2026\/03\/logo-marchena_03-300x80.jpg 300w\" sizes=\"(max-width: 557px) 100vw, 557px\" \/>\t\t\t\t\t\t\t\t\t\t\t\t\t\t\t<\/div>\n\t\t\t\t<\/div>\n\t\t<div class=\"elementor-element elementor-element-4749955 e-con-full e-flex e-con e-child\" data-id=\"4749955\" data-element_type=\"container\" data-e-type=\"container\">\n\t\t\t\t<\/div>\n\t\t<div class=\"elementor-element elementor-element-9e59641 e-con-full e-flex e-con e-child\" data-id=\"9e59641\" data-element_type=\"container\" data-e-type=\"container\">\n\t\t\t\t<div class=\"elementor-element elementor-element-9b9e506 elementor-nav-menu__align-end elementor-nav-menu--dropdown-tablet elementor-nav-menu__text-align-aside elementor-nav-menu--toggle elementor-nav-menu--burger elementor-widget elementor-widget-nav-menu\" data-id=\"9b9e506\" data-element_type=\"widget\" data-e-type=\"widget\" data-settings=\"{&quot;layout&quot;:&quot;horizontal&quot;,&quot;submenu_icon&quot;:{&quot;value&quot;:&quot;&lt;svg aria-hidden=\\&quot;true\\&quot; class=\\&quot;e-font-icon-svg e-fas-caret-down\\&quot; viewBox=\\&quot;0 0 320 512\\&quot; xmlns=\\&quot;http:\\\/\\\/www.w3.org\\\/2000\\\/svg\\&quot;&gt;&lt;path d=\\&quot;M31.3 192h257.3c17.8 0 26.7 21.5 14.1 34.1L174.1 354.8c-7.8 7.8-20.5 7.8-28.3 0L17.2 226.1C4.6 213.5 13.5 192 31.3 192z\\&quot;&gt;&lt;\\\/path&gt;&lt;\\\/svg&gt;&quot;,&quot;library&quot;:&quot;fa-solid&quot;},&quot;toggle&quot;:&quot;burger&quot;}\" data-widget_type=\"nav-menu.default\">\n\t\t\t\t\t\t\t\t<nav aria-label=\"Menu\" class=\"elementor-nav-menu--main elementor-nav-menu__container elementor-nav-menu--layout-horizontal e--pointer-none\">\n\t\t\t\t<ul id=\"menu-1-9b9e506\" class=\"elementor-nav-menu\"><li class=\"menu-item menu-item-type-custom menu-item-object-custom menu-item-26\"><a href=\"#gala\" class=\"elementor-item elementor-item-anchor\">La Gala<\/a><\/li>\n<li class=\"menu-item menu-item-type-custom menu-item-object-custom menu-item-27\"><a href=\"#como\" class=\"elementor-item elementor-item-anchor\">Instrucciones de voto<\/a><\/li>\n<li class=\"menu-item menu-item-type-custom menu-item-object-custom menu-item-28\"><a href=\"#votar\" class=\"elementor-item elementor-item-anchor\">Candidaturas<\/a><\/li>\n<li class=\"menu-item menu-item-type-custom menu-item-object-custom menu-item-29\"><a href=\"#votar\" class=\"elementor-item elementor-item-anchor\">VOTAR AHORA<\/a><\/li>\n<\/ul>\t\t\t<\/nav>\n\t\t\t\t\t<div class=\"elementor-menu-toggle\" role=\"button\" tabindex=\"0\" aria-label=\"Menu Toggle\" aria-expanded=\"false\">\n\t\t\t<svg aria-hidden=\"true\" role=\"presentation\" class=\"elementor-menu-toggle__icon--open e-font-icon-svg e-eicon-menu-bar\" viewBox=\"0 0 1000 1000\" xmlns=\"http:\/\/www.w3.org\/2000\/svg\"><path d=\"M104 333H896C929 333 958 304 958 271S929 208 896 208H104C71 208 42 237 42 271S71 333 104 333ZM104 583H896C929 583 958 554 958 521S929 458 896 458H104C71 458 42 487 42 521S71 583 104 583ZM104 833H896C929 833 958 804 958 771S929 708 896 708H104C71 708 42 737 42 771S71 833 104 833Z\"><\/path><\/svg><svg aria-hidden=\"true\" role=\"presentation\" class=\"elementor-menu-toggle__icon--close e-font-icon-svg e-eicon-close\" viewBox=\"0 0 1000 1000\" xmlns=\"http:\/\/www.w3.org\/2000\/svg\"><path d=\"M742 167L500 408 258 167C246 154 233 150 217 150 196 150 179 158 167 167 154 179 150 196 150 212 150 229 154 242 171 254L408 500 167 742C138 771 138 800 167 829 196 858 225 858 254 829L496 587 738 829C750 842 767 846 783 846 800 846 817 842 829 829 842 817 846 804 846 783 846 767 842 750 829 737L588 500 833 258C863 229 863 200 833 171 804 137 775 137 742 167Z\"><\/path><\/svg>\t\t<\/div>\n\t\t\t\t\t<nav class=\"elementor-nav-menu--dropdown elementor-nav-menu__container\" aria-hidden=\"true\">\n\t\t\t\t<ul id=\"menu-2-9b9e506\" class=\"elementor-nav-menu\"><li class=\"menu-item menu-item-type-custom menu-item-object-custom menu-item-26\"><a href=\"#gala\" class=\"elementor-item elementor-item-anchor\" tabindex=\"-1\">La Gala<\/a><\/li>\n<li class=\"menu-item menu-item-type-custom menu-item-object-custom menu-item-27\"><a href=\"#como\" class=\"elementor-item elementor-item-anchor\" tabindex=\"-1\">Instrucciones de voto<\/a><\/li>\n<li class=\"menu-item menu-item-type-custom menu-item-object-custom menu-item-28\"><a href=\"#votar\" class=\"elementor-item elementor-item-anchor\" tabindex=\"-1\">Candidaturas<\/a><\/li>\n<li class=\"menu-item menu-item-type-custom menu-item-object-custom menu-item-29\"><a href=\"#votar\" class=\"elementor-item elementor-item-anchor\" tabindex=\"-1\">VOTAR AHORA<\/a><\/li>\n<\/ul>\t\t\t<\/nav>\n\t\t\t\t\t\t<\/div>\n\t\t\t\t<\/div>\n\t\t\t\t\t<\/div>\n\t\t\t\t<\/div>\n\t\t<div class=\"elementor-element elementor-element-eda8f3f e-con-full e-flex e-con e-parent\" data-id=\"eda8f3f\" data-element_type=\"container\" data-e-type=\"container\">\n\t\t\t\t<div class=\"elementor-element elementor-element-5fbfc10 elementor-widget elementor-widget-image\" data-id=\"5fbfc10\" data-element_type=\"widget\" data-e-type=\"widget\" data-widget_type=\"image.default\">\n\t\t\t\t\t\t\t\t\t\t\t\t\t\t\t<img decoding=\"async\" width=\"2150\" height=\"1412\" src=\"https:\/\/galadeportemarchena.es\/wp-content\/uploads\/2026\/04\/premiosmarchena_02.jpg\" class=\"attachment-full size-full wp-image-315\" alt=\"\" srcset=\"https:\/\/galadeportemarchena.es\/wp-content\/uploads\/2026\/04\/premiosmarchena_02.jpg 2150w, https:\/\/galadeportemarchena.es\/wp-content\/uploads\/2026\/04\/premiosmarchena_02-300x197.jpg 300w, https:\/\/galadeportemarchena.es\/wp-content\/uploads\/2026\/04\/premiosmarchena_02-1024x673.jpg 1024w, https:\/\/galadeportemarchena.es\/wp-content\/uploads\/2026\/04\/premiosmarchena_02-768x504.jpg 768w, https:\/\/galadeportemarchena.es\/wp-content\/uploads\/2026\/04\/premiosmarchena_02-1536x1009.jpg 1536w, https:\/\/galadeportemarchena.es\/wp-content\/uploads\/2026\/04\/premiosmarchena_02-2048x1345.jpg 2048w\" sizes=\"(max-width: 2150px) 100vw, 2150px\" \/>\t\t\t\t\t\t\t\t\t\t\t\t\t\t\t<\/div>\n\t\t\t\t<\/div>\n\t\t<div class=\"elementor-element elementor-element-82bc919 e-flex e-con-boxed e-con e-parent\" data-id=\"82bc919\" data-element_type=\"container\" data-e-type=\"container\">\n\t\t\t\t\t<div class=\"e-con-inner\">\n\t\t\t\t<div class=\"elementor-element elementor-element-839f8d7 elementor-widget elementor-widget-heading\" data-id=\"839f8d7\" data-element_type=\"widget\" data-e-type=\"widget\" data-widget_type=\"heading.default\">\n\t\t\t\t\t<h1 class=\"elementor-heading-title elementor-size-default\">Votaciones de la<br>\nGala del Deporte de Marchena<\/h1>\t\t\t\t<\/div>\n\t\t\t\t<div class=\"elementor-element elementor-element-f4d264e elementor-hidden-desktop elementor-hidden-tablet elementor-widget elementor-widget-image\" data-id=\"f4d264e\" data-element_type=\"widget\" data-e-type=\"widget\" data-widget_type=\"image.default\">\n\t\t\t\t\t\t\t\t\t\t\t\t\t\t\t<img decoding=\"async\" width=\"800\" height=\"768\" src=\"https:\/\/galadeportemarchena.es\/wp-content\/uploads\/2026\/04\/LANDING_PREMIOS_MARCHENA_04_03-1024x983.png\" class=\"attachment-large size-large wp-image-329\" alt=\"\" srcset=\"https:\/\/galadeportemarchena.es\/wp-content\/uploads\/2026\/04\/LANDING_PREMIOS_MARCHENA_04_03-1024x983.png 1024w, https:\/\/galadeportemarchena.es\/wp-content\/uploads\/2026\/04\/LANDING_PREMIOS_MARCHENA_04_03-300x288.png 300w, https:\/\/galadeportemarchena.es\/wp-content\/uploads\/2026\/04\/LANDING_PREMIOS_MARCHENA_04_03-768x737.png 768w, https:\/\/galadeportemarchena.es\/wp-content\/uploads\/2026\/04\/LANDING_PREMIOS_MARCHENA_04_03.png 1048w\" sizes=\"(max-width: 800px) 100vw, 800px\" \/>\t\t\t\t\t\t\t\t\t\t\t\t\t\t\t<\/div>\n\t\t\t\t\t<\/div>\n\t\t\t\t<\/div>\n\t\t<div class=\"elementor-element elementor-element-807a6a1 e-flex e-con-boxed e-con e-parent\" data-id=\"807a6a1\" data-element_type=\"container\" data-e-type=\"container\">\n\t\t\t\t\t<div class=\"e-con-inner\">\n\t\t<div class=\"elementor-element elementor-element-4598688 e-con-full e-flex e-con e-child\" data-id=\"4598688\" data-element_type=\"container\" data-e-type=\"container\">\n\t\t\t\t<div class=\"elementor-element elementor-element-4cfebc3 elementor-widget__width-initial elementor-widget elementor-widget-text-editor\" data-id=\"4cfebc3\" data-element_type=\"widget\" data-e-type=\"widget\" data-widget_type=\"text-editor.default\">\n\t\t\t\t\t\t\t\t\t<p>Hola!Soy Julia Iriarte, concejala de Deportes, Asociaciones y Colectivos y Nuevas Tecnolog\u00edas del Ayuntamiento de Marchena, y quiero invitarte a formar parte de algo muy especial.<\/p><p>En Marchena, el deporte lo hacemos entre todos y todas\u2026 y este a\u00f1o tambi\u00e9n lo decidimos junt@s.<\/p><p>La Gala del Deporte 2026 llega con un formato renovado, mucho m\u00e1s abierto y participativo. Desde el primer momento, cualquier persona ha podido proponer candidaturas libremente, reconociendo a quienes d\u00eda a d\u00eda hacen grande el deporte en nuestro pueblo. Despu\u00e9s, una comisi\u00f3n ha seleccionado a los tres finalistas de cada categor\u00eda.<\/p><p>Y ahora s\u00ed, llega la parte m\u00e1s importante: decides t\u00fa.<\/p><p>Te animamos a votar por tus favoritos y favoritas y a apoyar a deportistas, clubes y colectivos que representan esfuerzo, superaci\u00f3n y orgullo para Marchena. Tu participaci\u00f3n es clave para que esta gala sea realmente de todos y todas.<\/p><p>Los ganadores y ganadoras se desvelar\u00e1n en una noche muy especial: el pr\u00f3ximo 13 de junio a las 20:00 horas en el Auditorio Pepe Marchena. Aprovecho esta oportunidad para comentar que ser\u00e1 una Gala llena de sorpresas y emociones.<\/p><p><strong>Participa, vota y forma parte de esta gran fiesta del deporte.<\/strong><\/p>\t\t\t\t\t\t\t\t<\/div>\n\t\t\t\t<div class=\"elementor-element elementor-element-5af0f33 elementor-align-center elementor-widget__width-initial elementor-widget elementor-widget-button\" data-id=\"5af0f33\" data-element_type=\"widget\" data-e-type=\"widget\" data-widget_type=\"button.default\">\n\t\t\t\t\t\t\t\t\t\t<a class=\"elementor-button elementor-button-link elementor-size-sm\" href=\"#votar\">\n\t\t\t\t\t\t<span class=\"elementor-button-content-wrapper\">\n\t\t\t\t\t\t\t\t\t<span class=\"elementor-button-text\">VER CATEGOR\u00cdAS<\/span>\n\t\t\t\t\t<\/span>\n\t\t\t\t\t<\/a>\n\t\t\t\t\t\t\t\t<\/div>\n\t\t\t\t<div class=\"elementor-element elementor-element-ba458ee elementor-widget__width-initial elementor-widget elementor-widget-text-editor\" data-id=\"ba458ee\" data-element_type=\"widget\" data-e-type=\"widget\" data-widget_type=\"text-editor.default\">\n\t\t\t\t\t\t\t\t\t<p>Una \u00fanica votaci\u00f3n v\u00e1lida por DNI<\/p>\t\t\t\t\t\t\t\t<\/div>\n\t\t\t\t<\/div>\n\t\t<div class=\"elementor-element elementor-element-a0f9ac3 e-con-full e-flex e-con e-child\" data-id=\"a0f9ac3\" data-element_type=\"container\" data-e-type=\"container\">\n\t\t\t\t<div class=\"elementor-element elementor-element-0b6826c elementor-hidden-mobile elementor-widget elementor-widget-image\" data-id=\"0b6826c\" data-element_type=\"widget\" data-e-type=\"widget\" data-widget_type=\"image.default\">\n\t\t\t\t\t\t\t\t\t\t\t\t\t\t\t<img decoding=\"async\" width=\"800\" height=\"768\" src=\"https:\/\/galadeportemarchena.es\/wp-content\/uploads\/2026\/04\/LANDING_PREMIOS_MARCHENA_04_03-1024x983.png\" class=\"attachment-large size-large wp-image-329\" alt=\"\" srcset=\"https:\/\/galadeportemarchena.es\/wp-content\/uploads\/2026\/04\/LANDING_PREMIOS_MARCHENA_04_03-1024x983.png 1024w, https:\/\/galadeportemarchena.es\/wp-content\/uploads\/2026\/04\/LANDING_PREMIOS_MARCHENA_04_03-300x288.png 300w, https:\/\/galadeportemarchena.es\/wp-content\/uploads\/2026\/04\/LANDING_PREMIOS_MARCHENA_04_03-768x737.png 768w, https:\/\/galadeportemarchena.es\/wp-content\/uploads\/2026\/04\/LANDING_PREMIOS_MARCHENA_04_03.png 1048w\" sizes=\"(max-width: 800px) 100vw, 800px\" \/>\t\t\t\t\t\t\t\t\t\t\t\t\t\t\t<\/div>\n\t\t\t\t<div class=\"elementor-element elementor-element-03a4923 elementor-widget elementor-widget-image\" data-id=\"03a4923\" data-element_type=\"widget\" data-e-type=\"widget\" data-widget_type=\"image.default\">\n\t\t\t\t\t\t\t\t\t\t\t\t\t\t\t<img loading=\"lazy\" decoding=\"async\" width=\"1095\" height=\"991\" src=\"https:\/\/galadeportemarchena.es\/wp-content\/uploads\/2026\/03\/premios-deporte_09.png\" class=\"attachment-full size-full wp-image-52\" alt=\"premios-deporte\" srcset=\"https:\/\/galadeportemarchena.es\/wp-content\/uploads\/2026\/03\/premios-deporte_09.png 1095w, https:\/\/galadeportemarchena.es\/wp-content\/uploads\/2026\/03\/premios-deporte_09-300x272.png 300w, https:\/\/galadeportemarchena.es\/wp-content\/uploads\/2026\/03\/premios-deporte_09-1024x927.png 1024w, https:\/\/galadeportemarchena.es\/wp-content\/uploads\/2026\/03\/premios-deporte_09-768x695.png 768w\" sizes=\"(max-width: 1095px) 100vw, 1095px\" \/>\t\t\t\t\t\t\t\t\t\t\t\t\t\t\t<\/div>\n\t\t\t\t<\/div>\n\t\t\t\t\t<\/div>\n\t\t\t\t<\/div>\n\t\t<div class=\"elementor-element elementor-element-a8b674a e-flex e-con-boxed e-con e-parent\" data-id=\"a8b674a\" data-element_type=\"container\" data-e-type=\"container\">\n\t\t\t\t\t<div class=\"e-con-inner\">\n\t\t<div class=\"elementor-element elementor-element-c45c87f e-con-full e-flex e-con e-child\" data-id=\"c45c87f\" data-element_type=\"container\" data-e-type=\"container\">\n\t\t\t\t<div class=\"elementor-element elementor-element-7fcb525 elementor-widget elementor-widget-image\" data-id=\"7fcb525\" data-element_type=\"widget\" data-e-type=\"widget\" data-widget_type=\"image.default\">\n\t\t\t\t\t\t\t\t\t\t\t\t\t\t\t<img loading=\"lazy\" decoding=\"async\" width=\"928\" height=\"885\" src=\"https:\/\/galadeportemarchena.es\/wp-content\/uploads\/2026\/03\/deporte_03.png\" class=\"attachment-full size-full wp-image-112\" alt=\"\" srcset=\"https:\/\/galadeportemarchena.es\/wp-content\/uploads\/2026\/03\/deporte_03.png 928w, https:\/\/galadeportemarchena.es\/wp-content\/uploads\/2026\/03\/deporte_03-300x286.png 300w, https:\/\/galadeportemarchena.es\/wp-content\/uploads\/2026\/03\/deporte_03-768x732.png 768w\" sizes=\"(max-width: 928px) 100vw, 928px\" \/>\t\t\t\t\t\t\t\t\t\t\t\t\t\t\t<\/div>\n\t\t\t\t<\/div>\n\t\t<div class=\"elementor-element elementor-element-3fda026 e-con-full e-flex e-con e-child\" data-id=\"3fda026\" data-element_type=\"container\" data-e-type=\"container\">\n\t\t\t\t<\/div>\n\t\t<div class=\"elementor-element elementor-element-851d1b3 e-con-full e-flex e-con e-child\" data-id=\"851d1b3\" data-element_type=\"container\" data-e-type=\"container\">\n\t\t\t\t<div class=\"elementor-element elementor-element-d6dc70e elementor-widget elementor-widget-heading\" data-id=\"d6dc70e\" data-element_type=\"widget\" data-e-type=\"widget\" data-widget_type=\"heading.default\">\n\t\t\t\t\t<h2 class=\"elementor-heading-title elementor-size-default\">Una celebraci\u00f3n del\ndeporte de Marchena<\/h2>\t\t\t\t<\/div>\n\t\t\t\t<div class=\"elementor-element elementor-element-b69a2c6 elementor-widget__width-initial elementor-widget elementor-widget-text-editor\" data-id=\"b69a2c6\" data-element_type=\"widget\" data-e-type=\"widget\" data-widget_type=\"text-editor.default\">\n\t\t\t\t\t\t\t\t\t<p>La Gala del Deporte de Marchena es una iniciativa de la\u00a0Delegaci\u00f3n de Deportes del Excmo. Ayuntamiento de Marchena creada para reconocer p\u00fablicamente el talento, la dedicaci\u00f3n y los valores que fortalecen el deporte local. En esta <span style=\"color: red;\">edici\u00f3n<\/span>, la ciudadan\u00eda podr\u00e1 participar con su voto en la elecci\u00f3n de distintas categor\u00edas que distinguen a deportistas, clubes, entrenadores, entidades colaboradoras y trayectorias ejemplares.<\/p>\t\t\t\t\t\t\t\t<\/div>\n\t\t\t\t<div class=\"elementor-element elementor-element-4ecdfdb elementor-widget__width-initial elementor-widget elementor-widget-text-editor\" data-id=\"4ecdfdb\" data-element_type=\"widget\" data-e-type=\"widget\" data-widget_type=\"text-editor.default\">\n\t\t\t\t\t\t\t\t\t<p>Un reconocimiento al presente, al esfuerzo de muchos a\u00f1os y al futuro del deporte marchenero.<\/p>\t\t\t\t\t\t\t\t<\/div>\n\t\t\t\t<div class=\"elementor-element elementor-element-561e483 elementor-align-right elementor-widget__width-initial elementor-mobile-align-center elementor-widget elementor-widget-button\" data-id=\"561e483\" data-element_type=\"widget\" data-e-type=\"widget\" data-widget_type=\"button.default\">\n\t\t\t\t\t\t\t\t\t\t<a class=\"elementor-button elementor-button-link elementor-size-sm\" href=\"#votar\">\n\t\t\t\t\t\t<span class=\"elementor-button-content-wrapper\">\n\t\t\t\t\t\t\t\t\t<span class=\"elementor-button-text\">VOTAR AHORA<\/span>\n\t\t\t\t\t<\/span>\n\t\t\t\t\t<\/a>\n\t\t\t\t\t\t\t\t<\/div>\n\t\t\t\t<\/div>\n\t\t\t\t\t<\/div>\n\t\t\t\t<\/div>\n\t\t<div class=\"elementor-element elementor-element-fdeaf0a e-flex e-con-boxed e-con e-parent\" data-id=\"fdeaf0a\" data-element_type=\"container\" data-e-type=\"container\" id=\"como\">\n\t\t\t\t\t<div class=\"e-con-inner\">\n\t\t\t\t<div class=\"elementor-element elementor-element-a528de9 elementor-widget elementor-widget-heading\" data-id=\"a528de9\" data-element_type=\"widget\" data-e-type=\"widget\" data-widget_type=\"heading.default\">\n\t\t\t\t\t<h3 class=\"elementor-heading-title elementor-size-default\">\u00bfC\u00f3mo puedes votar?<\/h3>\t\t\t\t<\/div>\n\t\t\t\t<div class=\"elementor-element elementor-element-355390a elementor-widget elementor-widget-image\" data-id=\"355390a\" data-element_type=\"widget\" data-e-type=\"widget\" data-widget_type=\"image.default\">\n\t\t\t\t\t\t\t\t\t\t\t\t\t\t\t<img loading=\"lazy\" decoding=\"async\" width=\"149\" height=\"120\" src=\"https:\/\/galadeportemarchena.es\/wp-content\/uploads\/2026\/03\/guion-1.png\" class=\"attachment-full size-full wp-image-123\" alt=\"\" \/>\t\t\t\t\t\t\t\t\t\t\t\t\t\t\t<\/div>\n\t\t\t\t\t<\/div>\n\t\t\t\t<\/div>\n\t\t<div class=\"elementor-element elementor-element-5cc566a e-flex e-con-boxed e-con e-parent\" data-id=\"5cc566a\" data-element_type=\"container\" data-e-type=\"container\" data-settings=\"{&quot;background_background&quot;:&quot;classic&quot;,&quot;shape_divider_top&quot;:&quot;tilt&quot;}\">\n\t\t\t\t\t<div class=\"e-con-inner\">\n\t\t\t\t<div class=\"elementor-shape elementor-shape-top\" aria-hidden=\"true\" data-negative=\"false\">\n\t\t\t<svg xmlns=\"http:\/\/www.w3.org\/2000\/svg\" viewBox=\"0 0 1000 100\" preserveAspectRatio=\"none\">\n\t<path class=\"elementor-shape-fill\" d=\"M0,6V0h1000v100L0,6z\"\/>\n<\/svg>\t\t<\/div>\n\t\t<div class=\"elementor-element elementor-element-f82f94f e-con-full e-flex e-con e-child\" data-id=\"f82f94f\" data-element_type=\"container\" data-e-type=\"container\">\n\t\t<div class=\"elementor-element elementor-element-c9189fa e-con-full e-flex e-con e-child\" data-id=\"c9189fa\" data-element_type=\"container\" data-e-type=\"container\">\n\t\t\t\t<div class=\"elementor-element elementor-element-adc6764 elementor-widget elementor-widget-image\" data-id=\"adc6764\" data-element_type=\"widget\" data-e-type=\"widget\" data-widget_type=\"image.default\">\n\t\t\t\t\t\t\t\t\t\t\t\t\t\t\t<img loading=\"lazy\" decoding=\"async\" width=\"94\" height=\"94\" src=\"https:\/\/galadeportemarchena.es\/wp-content\/uploads\/2026\/03\/1.png\" class=\"attachment-large size-large wp-image-125\" alt=\"\" \/>\t\t\t\t\t\t\t\t\t\t\t\t\t\t\t<\/div>\n\t\t\t\t<\/div>\n\t\t<div class=\"elementor-element elementor-element-fdbdcd1 e-con-full e-flex e-con e-child\" data-id=\"fdbdcd1\" data-element_type=\"container\" data-e-type=\"container\">\n\t\t\t\t<div class=\"elementor-element elementor-element-84e06c8 elementor-widget elementor-widget-image\" data-id=\"84e06c8\" data-element_type=\"widget\" data-e-type=\"widget\" data-widget_type=\"image.default\">\n\t\t\t\t\t\t\t\t\t\t\t\t\t\t\t<img loading=\"lazy\" decoding=\"async\" width=\"142\" height=\"142\" src=\"https:\/\/galadeportemarchena.es\/wp-content\/uploads\/2026\/03\/consulta.png\" class=\"attachment-large size-large wp-image-126\" alt=\"\" \/>\t\t\t\t\t\t\t\t\t\t\t\t\t\t\t<\/div>\n\t\t\t\t<div class=\"elementor-element elementor-element-bf9bbcf elementor-widget elementor-widget-heading\" data-id=\"bf9bbcf\" data-element_type=\"widget\" data-e-type=\"widget\" data-widget_type=\"heading.default\">\n\t\t\t\t\t<h4 class=\"elementor-heading-title elementor-size-default\">Consulta las candidaturas<\/h4>\t\t\t\t<\/div>\n\t\t\t\t<div class=\"elementor-element elementor-element-9085411 elementor-widget elementor-widget-heading\" data-id=\"9085411\" data-element_type=\"widget\" data-e-type=\"widget\" data-widget_type=\"heading.default\">\n\t\t\t\t\t<div class=\"elementor-heading-title elementor-size-default\">Revisa las categor\u00edas y conoce a las personas, clubes o entidades nominadas.<\/div>\t\t\t\t<\/div>\n\t\t\t\t<\/div>\n\t\t\t\t<\/div>\n\t\t<div class=\"elementor-element elementor-element-bc46c87 e-con-full e-flex e-con e-child\" data-id=\"bc46c87\" data-element_type=\"container\" data-e-type=\"container\">\n\t\t<div class=\"elementor-element elementor-element-b97a87b e-con-full e-flex e-con e-child\" data-id=\"b97a87b\" data-element_type=\"container\" data-e-type=\"container\">\n\t\t\t\t<div class=\"elementor-element elementor-element-40b7d86 elementor-widget elementor-widget-image\" data-id=\"40b7d86\" data-element_type=\"widget\" data-e-type=\"widget\" data-widget_type=\"image.default\">\n\t\t\t\t\t\t\t\t\t\t\t\t\t\t\t<img loading=\"lazy\" decoding=\"async\" width=\"94\" height=\"94\" src=\"https:\/\/galadeportemarchena.es\/wp-content\/uploads\/2026\/03\/2.png\" class=\"attachment-large size-large wp-image-135\" alt=\"\" \/>\t\t\t\t\t\t\t\t\t\t\t\t\t\t\t<\/div>\n\t\t\t\t<\/div>\n\t\t<div class=\"elementor-element elementor-element-d98ecca e-con-full e-flex e-con e-child\" data-id=\"d98ecca\" data-element_type=\"container\" data-e-type=\"container\">\n\t\t\t\t<div class=\"elementor-element elementor-element-fa514d2 elementor-widget elementor-widget-image\" data-id=\"fa514d2\" data-element_type=\"widget\" data-e-type=\"widget\" data-widget_type=\"image.default\">\n\t\t\t\t\t\t\t\t\t\t\t\t\t\t\t<img loading=\"lazy\" decoding=\"async\" width=\"103\" height=\"140\" src=\"https:\/\/galadeportemarchena.es\/wp-content\/uploads\/2026\/03\/opciones.png\" class=\"attachment-large size-large wp-image-134\" alt=\"\" \/>\t\t\t\t\t\t\t\t\t\t\t\t\t\t\t<\/div>\n\t\t\t\t<div class=\"elementor-element elementor-element-277d91e elementor-widget elementor-widget-heading\" data-id=\"277d91e\" data-element_type=\"widget\" data-e-type=\"widget\" data-widget_type=\"heading.default\">\n\t\t\t\t\t<h4 class=\"elementor-heading-title elementor-size-default\">Selecciona tus opciones<\/h4>\t\t\t\t<\/div>\n\t\t\t\t<div class=\"elementor-element elementor-element-4ce941b elementor-widget elementor-widget-heading\" data-id=\"4ce941b\" data-element_type=\"widget\" data-e-type=\"widget\" data-widget_type=\"heading.default\">\n\t\t\t\t\t<div class=\"elementor-heading-title elementor-size-default\">Elige una candidatura en cada categor\u00eda disponible.<\/div>\t\t\t\t<\/div>\n\t\t\t\t<\/div>\n\t\t\t\t<\/div>\n\t\t\t\t\t<\/div>\n\t\t\t\t<\/div>\n\t\t<div class=\"elementor-element elementor-element-e0ca356 e-flex e-con-boxed e-con e-parent\" data-id=\"e0ca356\" data-element_type=\"container\" data-e-type=\"container\" data-settings=\"{&quot;background_background&quot;:&quot;classic&quot;,&quot;shape_divider_bottom&quot;:&quot;tilt&quot;}\">\n\t\t\t\t\t<div class=\"e-con-inner\">\n\t\t\t\t<div class=\"elementor-shape elementor-shape-bottom\" aria-hidden=\"true\" data-negative=\"false\">\n\t\t\t<svg xmlns=\"http:\/\/www.w3.org\/2000\/svg\" viewBox=\"0 0 1000 100\" preserveAspectRatio=\"none\">\n\t<path class=\"elementor-shape-fill\" d=\"M0,6V0h1000v100L0,6z\"\/>\n<\/svg>\t\t<\/div>\n\t\t<div class=\"elementor-element elementor-element-0fc9e5d e-con-full e-flex e-con e-child\" data-id=\"0fc9e5d\" data-element_type=\"container\" data-e-type=\"container\">\n\t\t<div class=\"elementor-element elementor-element-c8006b0 e-con-full e-flex e-con e-child\" data-id=\"c8006b0\" data-element_type=\"container\" data-e-type=\"container\">\n\t\t\t\t<div class=\"elementor-element elementor-element-0e3df23 elementor-widget elementor-widget-image\" data-id=\"0e3df23\" data-element_type=\"widget\" data-e-type=\"widget\" data-widget_type=\"image.default\">\n\t\t\t\t\t\t\t\t\t\t\t\t\t\t\t<img loading=\"lazy\" decoding=\"async\" width=\"94\" height=\"94\" src=\"https:\/\/galadeportemarchena.es\/wp-content\/uploads\/2026\/03\/3.png\" class=\"attachment-large size-large wp-image-136\" alt=\"\" \/>\t\t\t\t\t\t\t\t\t\t\t\t\t\t\t<\/div>\n\t\t\t\t<\/div>\n\t\t<div class=\"elementor-element elementor-element-ad06ed3 e-con-full e-flex e-con e-child\" data-id=\"ad06ed3\" data-element_type=\"container\" data-e-type=\"container\">\n\t\t\t\t<div class=\"elementor-element elementor-element-d21d795 elementor-widget elementor-widget-image\" data-id=\"d21d795\" data-element_type=\"widget\" data-e-type=\"widget\" data-widget_type=\"image.default\">\n\t\t\t\t\t\t\t\t\t\t\t\t\t\t\t<img loading=\"lazy\" decoding=\"async\" width=\"112\" height=\"154\" src=\"https:\/\/galadeportemarchena.es\/wp-content\/uploads\/2026\/03\/participacion.png\" class=\"attachment-large size-large wp-image-138\" alt=\"\" \/>\t\t\t\t\t\t\t\t\t\t\t\t\t\t\t<\/div>\n\t\t\t\t<div class=\"elementor-element elementor-element-c9ea40e elementor-widget elementor-widget-heading\" data-id=\"c9ea40e\" data-element_type=\"widget\" data-e-type=\"widget\" data-widget_type=\"heading.default\">\n\t\t\t\t\t<h4 class=\"elementor-heading-title elementor-size-default\">Valida tu participaci\u00f3n<\/h4>\t\t\t\t<\/div>\n\t\t\t\t<div class=\"elementor-element elementor-element-edc9316 elementor-widget elementor-widget-heading\" data-id=\"edc9316\" data-element_type=\"widget\" data-e-type=\"widget\" data-widget_type=\"heading.default\">\n\t\t\t\t\t<div class=\"elementor-heading-title elementor-size-default\">Antes de enviar el voto, introduce tus datos identificativos.<\/div>\t\t\t\t<\/div>\n\t\t\t\t<\/div>\n\t\t\t\t<\/div>\n\t\t<div class=\"elementor-element elementor-element-b276511 e-con-full e-flex e-con e-child\" data-id=\"b276511\" data-element_type=\"container\" data-e-type=\"container\">\n\t\t<div class=\"elementor-element elementor-element-07739b8 e-con-full e-flex e-con e-child\" data-id=\"07739b8\" data-element_type=\"container\" data-e-type=\"container\">\n\t\t\t\t<div class=\"elementor-element elementor-element-f1c2819 elementor-widget elementor-widget-image\" data-id=\"f1c2819\" data-element_type=\"widget\" data-e-type=\"widget\" data-widget_type=\"image.default\">\n\t\t\t\t\t\t\t\t\t\t\t\t\t\t\t<img loading=\"lazy\" decoding=\"async\" width=\"94\" height=\"94\" src=\"https:\/\/galadeportemarchena.es\/wp-content\/uploads\/2026\/03\/4.png\" class=\"attachment-large size-large wp-image-137\" alt=\"\" \/>\t\t\t\t\t\t\t\t\t\t\t\t\t\t\t<\/div>\n\t\t\t\t<\/div>\n\t\t<div class=\"elementor-element elementor-element-33cf45e e-con-full e-flex e-con e-child\" data-id=\"33cf45e\" data-element_type=\"container\" data-e-type=\"container\">\n\t\t\t\t<div class=\"elementor-element elementor-element-b78820e elementor-widget elementor-widget-image\" data-id=\"b78820e\" data-element_type=\"widget\" data-e-type=\"widget\" data-widget_type=\"image.default\">\n\t\t\t\t\t\t\t\t\t\t\t\t\t\t\t<img loading=\"lazy\" decoding=\"async\" width=\"162\" height=\"106\" src=\"https:\/\/galadeportemarchena.es\/wp-content\/uploads\/2026\/03\/votacion.png\" class=\"attachment-large size-large wp-image-139\" alt=\"\" \/>\t\t\t\t\t\t\t\t\t\t\t\t\t\t\t<\/div>\n\t\t\t\t<div class=\"elementor-element elementor-element-a03033c elementor-widget elementor-widget-heading\" data-id=\"a03033c\" data-element_type=\"widget\" data-e-type=\"widget\" data-widget_type=\"heading.default\">\n\t\t\t\t\t<h4 class=\"elementor-heading-title elementor-size-default\">Env\u00eda tu votaci\u00f3n<\/h4>\t\t\t\t<\/div>\n\t\t\t\t<div class=\"elementor-element elementor-element-0960e74 elementor-widget elementor-widget-heading\" data-id=\"0960e74\" data-element_type=\"widget\" data-e-type=\"widget\" data-widget_type=\"heading.default\">\n\t\t\t\t\t<div class=\"elementor-heading-title elementor-size-default\">Solo se admitir\u00e1 una participaci\u00f3n v\u00e1lida por DNI.<\/div>\t\t\t\t<\/div>\n\t\t\t\t<\/div>\n\t\t\t\t<\/div>\n\t\t\t\t\t<\/div>\n\t\t\t\t<\/div>\n\t\t<div class=\"elementor-element elementor-element-05a38a8 e-flex e-con-boxed e-con e-parent\" data-id=\"05a38a8\" data-element_type=\"container\" data-e-type=\"container\" id=\"votar\">\n\t\t\t\t\t<div class=\"e-con-inner\">\n\t\t\t\t<div class=\"elementor-element elementor-element-797acb5 elementor-align-center elementor-widget__width-initial elementor-widget elementor-widget-button\" data-id=\"797acb5\" data-element_type=\"widget\" data-e-type=\"widget\" data-widget_type=\"button.default\">\n\t\t\t\t\t\t\t\t\t\t<a class=\"elementor-button elementor-button-link elementor-size-sm\" href=\"#votar\">\n\t\t\t\t\t\t<span class=\"elementor-button-content-wrapper\">\n\t\t\t\t\t\t\t\t\t<span class=\"elementor-button-text\">COMENZAR<\/span>\n\t\t\t\t\t<\/span>\n\t\t\t\t\t<\/a>\n\t\t\t\t\t\t\t\t<\/div>\n\t\t\t\t\t<\/div>\n\t\t\t\t<\/div>\n\t\t<div class=\"elementor-element elementor-element-8e78b53 e-flex e-con-boxed e-con e-parent\" data-id=\"8e78b53\" data-element_type=\"container\" data-e-type=\"container\">\n\t\t\t\t\t<div class=\"e-con-inner\">\n\t\t\t\t<div class=\"elementor-element elementor-element-2d0db2c elementor-widget elementor-widget-heading\" data-id=\"2d0db2c\" data-element_type=\"widget\" data-e-type=\"widget\" data-widget_type=\"heading.default\">\n\t\t\t\t\t<h3 class=\"elementor-heading-title elementor-size-default\">Vota A tus CANDIDATURAS FAVORITAS<\/h3>\t\t\t\t<\/div>\n\t\t\t\t<div class=\"elementor-element elementor-element-01e5f83 elementor-widget elementor-widget-image\" data-id=\"01e5f83\" data-element_type=\"widget\" data-e-type=\"widget\" data-widget_type=\"image.default\">\n\t\t\t\t\t\t\t\t\t\t\t\t\t\t\t<img loading=\"lazy\" decoding=\"async\" width=\"149\" height=\"120\" src=\"https:\/\/galadeportemarchena.es\/wp-content\/uploads\/2026\/03\/guion-1.png\" class=\"attachment-full size-full wp-image-123\" alt=\"\" \/>\t\t\t\t\t\t\t\t\t\t\t\t\t\t\t<\/div>\n\t\t\t\t\t<\/div>\n\t\t\t\t<\/div>\n\t\t<div class=\"elementor-element elementor-element-62024b4 e-flex e-con-boxed e-con e-parent\" data-id=\"62024b4\" data-element_type=\"container\" data-e-type=\"container\">\n\t\t\t\t\t<div class=\"e-con-inner\">\n\t\t\t\t<div class=\"elementor-element elementor-element-cbdab42 elementor-widget elementor-widget-heading\" data-id=\"cbdab42\" data-element_type=\"widget\" data-e-type=\"widget\" data-widget_type=\"heading.default\">\n\t\t\t\t\t<h2 class=\"elementor-heading-title elementor-size-default\">*SE CIERRAN VOTACIONES EL 31 DE MAYO A LAS 23:59H<\/h2>\t\t\t\t<\/div>\n\t\t\t\t<div class=\"elementor-element elementor-element-76757c8 elementor-widget elementor-widget-heading\" data-id=\"76757c8\" data-element_type=\"widget\" data-e-type=\"widget\" data-widget_type=\"heading.default\">\n\t\t\t\t\t<h2 class=\"elementor-heading-title elementor-size-default\">Mejor deportista masculino<\/h2>\t\t\t\t<\/div>\n\t\t\t\t<div class=\"elementor-element elementor-element-45a2cf5 elementor-widget elementor-widget-heading\" data-id=\"45a2cf5\" data-element_type=\"widget\" data-e-type=\"widget\" data-widget_type=\"heading.default\">\n\t\t\t\t\t<div class=\"elementor-heading-title elementor-size-default\">Reconoce al deportista masculino de Marchena que haya destacado por sus resultados, rendimiento, proyecci\u00f3n o representaci\u00f3n deportiva.<\/div>\t\t\t\t<\/div>\n\t\t\t\t<div class=\"elementor-element elementor-element-f30d912 elementor-widget-divider--view-line elementor-widget elementor-widget-divider\" data-id=\"f30d912\" data-element_type=\"widget\" data-e-type=\"widget\" data-widget_type=\"divider.default\">\n\t\t\t\t\t\t\t<div class=\"elementor-divider\">\n\t\t\t<span class=\"elementor-divider-separator\">\n\t\t\t\t\t\t<\/span>\n\t\t<\/div>\n\t\t\t\t\t\t<\/div>\n\t\t\t\t\t<\/div>\n\t\t\t\t<\/div>\n\t\t<div class=\"elementor-element elementor-element-bba2eb8 e-flex e-con-boxed e-con e-parent\" data-id=\"bba2eb8\" data-element_type=\"container\" data-e-type=\"container\">\n\t\t\t\t\t<div class=\"e-con-inner\">\n\t\t<div class=\"elementor-element elementor-element-a5edddb e-con-full e-flex e-con e-child\" data-id=\"a5edddb\" data-element_type=\"container\" data-e-type=\"container\">\n\t\t\t\t<div class=\"elementor-element elementor-element-7c4da63 elementor-widget elementor-widget-image\" data-id=\"7c4da63\" data-element_type=\"widget\" data-e-type=\"widget\" data-widget_type=\"image.default\">\n\t\t\t\t\t\t\t\t\t\t\t\t\t\t\t<img loading=\"lazy\" decoding=\"async\" width=\"369\" height=\"277\" src=\"https:\/\/galadeportemarchena.es\/wp-content\/uploads\/2026\/03\/said_03.jpg\" class=\"attachment-full size-full wp-image-155\" alt=\"said el bouchikhi\" srcset=\"https:\/\/galadeportemarchena.es\/wp-content\/uploads\/2026\/03\/said_03.jpg 369w, https:\/\/galadeportemarchena.es\/wp-content\/uploads\/2026\/03\/said_03-300x225.jpg 300w\" sizes=\"(max-width: 369px) 100vw, 369px\" \/>\t\t\t\t\t\t\t\t\t\t\t\t\t\t\t<\/div>\n\t\t\t\t<div class=\"elementor-element elementor-element-2c98840 elementor-widget elementor-widget-heading\" data-id=\"2c98840\" data-element_type=\"widget\" data-e-type=\"widget\" data-widget_type=\"heading.default\">\n\t\t\t\t\t<h4 class=\"elementor-heading-title elementor-size-default\">SAID EL BOUCHIKI<\/h4>\t\t\t\t<\/div>\n\t\t\t\t<div class=\"elementor-element elementor-element-130dd4d elementor-widget elementor-widget-heading\" data-id=\"130dd4d\" data-element_type=\"widget\" data-e-type=\"widget\" data-widget_type=\"heading.default\">\n\t\t\t\t\t<div class=\"elementor-heading-title elementor-size-default\">Atleta de Medio Fondo y Fondo. Con una historia a sus espaldas, ha sido ganador de numerosas Carreras Populares y\nTercer Clasificado en el Campeonato de Andalucia de Aire Libre y Cuarto Clasificado en el Campeonato de Andalucia\nde Campo a Trav\u00e9s<\/div>\t\t\t\t<\/div>\n\t\t\t\t<div class=\"elementor-element elementor-element-03a79b7 elementor-align-center elementor-widget__width-initial pm-btn-votar elementor-widget elementor-widget-button\" data-id=\"03a79b7\" data-element_type=\"widget\" data-e-type=\"widget\" data-categoria=\"Mejor deportista masculino\" data-candidato=\"SAID EL BOUCHIK\" data-widget_type=\"button.default\">\n\t\t\t\t\t\t\t\t\t\t<a class=\"elementor-button elementor-size-sm\" role=\"button\">\n\t\t\t\t\t\t<span class=\"elementor-button-content-wrapper\">\n\t\t\t\t\t\t\t\t\t<span class=\"elementor-button-text\">VOTAR ESTA OPCI\u00d3N<\/span>\n\t\t\t\t\t<\/span>\n\t\t\t\t\t<\/a>\n\t\t\t\t\t\t\t\t<\/div>\n\t\t\t\t<\/div>\n\t\t<div class=\"elementor-element elementor-element-bbd3e8b e-con-full e-flex e-con e-child\" data-id=\"bbd3e8b\" data-element_type=\"container\" data-e-type=\"container\">\n\t\t\t\t<div class=\"elementor-element elementor-element-c00f4c2 elementor-widget elementor-widget-image\" data-id=\"c00f4c2\" data-element_type=\"widget\" data-e-type=\"widget\" data-widget_type=\"image.default\">\n\t\t\t\t\t\t\t\t\t\t\t\t\t\t\t<img loading=\"lazy\" decoding=\"async\" width=\"369\" height=\"277\" src=\"https:\/\/galadeportemarchena.es\/wp-content\/uploads\/2026\/03\/adrian_03.jpg\" class=\"attachment-full size-full wp-image-156\" alt=\"\" srcset=\"https:\/\/galadeportemarchena.es\/wp-content\/uploads\/2026\/03\/adrian_03.jpg 369w, https:\/\/galadeportemarchena.es\/wp-content\/uploads\/2026\/03\/adrian_03-300x225.jpg 300w\" sizes=\"(max-width: 369px) 100vw, 369px\" \/>\t\t\t\t\t\t\t\t\t\t\t\t\t\t\t<\/div>\n\t\t\t\t<div class=\"elementor-element elementor-element-4be2127 elementor-widget elementor-widget-heading\" data-id=\"4be2127\" data-element_type=\"widget\" data-e-type=\"widget\" data-widget_type=\"heading.default\">\n\t\t\t\t\t<h4 class=\"elementor-heading-title elementor-size-default\">ADRI\u00c1N MONTES PULIDO<\/h4>\t\t\t\t<\/div>\n\t\t\t\t<div class=\"elementor-element elementor-element-1f6a2de elementor-widget elementor-widget-heading\" data-id=\"1f6a2de\" data-element_type=\"widget\" data-e-type=\"widget\" data-widget_type=\"heading.default\">\n\t\t\t\t\t<div class=\"elementor-heading-title elementor-size-default\">Inmerso en la disciplina del Trial desde el a\u00f1o 2019 desde donde ha venido cosechando numerosos \u00e9xitos. Llegando a\nser Campe\u00f3n de Andaluc\u00eda y copando en numerosas ocasiones los 3 cajones. A nivel espa\u00f1ol ha quedado en 10\nposicion\n\n<\/div>\t\t\t\t<\/div>\n\t\t\t\t<div class=\"elementor-element elementor-element-bbc6a33 elementor-align-center elementor-widget__width-initial pm-btn-votar elementor-widget elementor-widget-button\" data-id=\"bbc6a33\" data-element_type=\"widget\" data-e-type=\"widget\" data-categoria=\"Mejor deportista masculino\" data-candidato=\"ADRIAN MONTES PULIDO\" data-widget_type=\"button.default\">\n\t\t\t\t\t\t\t\t\t\t<a class=\"elementor-button elementor-size-sm\" role=\"button\">\n\t\t\t\t\t\t<span class=\"elementor-button-content-wrapper\">\n\t\t\t\t\t\t\t\t\t<span class=\"elementor-button-text\">VOTAR ESTA OPCI\u00d3N<\/span>\n\t\t\t\t\t<\/span>\n\t\t\t\t\t<\/a>\n\t\t\t\t\t\t\t\t<\/div>\n\t\t\t\t<\/div>\n\t\t<div class=\"elementor-element elementor-element-29be75f e-con-full e-flex e-con e-child\" data-id=\"29be75f\" data-element_type=\"container\" data-e-type=\"container\">\n\t\t\t\t<div class=\"elementor-element elementor-element-d5da1f9 elementor-widget elementor-widget-image\" data-id=\"d5da1f9\" data-element_type=\"widget\" data-e-type=\"widget\" data-widget_type=\"image.default\">\n\t\t\t\t\t\t\t\t\t\t\t\t\t\t\t<img loading=\"lazy\" decoding=\"async\" width=\"369\" height=\"277\" src=\"https:\/\/galadeportemarchena.es\/wp-content\/uploads\/2026\/03\/javier-garcia_03.jpg\" class=\"attachment-full size-full wp-image-157\" alt=\"javier-garcia\" srcset=\"https:\/\/galadeportemarchena.es\/wp-content\/uploads\/2026\/03\/javier-garcia_03.jpg 369w, https:\/\/galadeportemarchena.es\/wp-content\/uploads\/2026\/03\/javier-garcia_03-300x225.jpg 300w\" sizes=\"(max-width: 369px) 100vw, 369px\" \/>\t\t\t\t\t\t\t\t\t\t\t\t\t\t\t<\/div>\n\t\t\t\t<div class=\"elementor-element elementor-element-76262ba elementor-widget elementor-widget-heading\" data-id=\"76262ba\" data-element_type=\"widget\" data-e-type=\"widget\" data-widget_type=\"heading.default\">\n\t\t\t\t\t<h4 class=\"elementor-heading-title elementor-size-default\">JAVIER GARCIA GALLEGO<\/h4>\t\t\t\t<\/div>\n\t\t\t\t<div class=\"elementor-element elementor-element-b59aa26 elementor-widget elementor-widget-heading\" data-id=\"b59aa26\" data-element_type=\"widget\" data-e-type=\"widget\" data-widget_type=\"heading.default\">\n\t\t\t\t\t<div class=\"elementor-heading-title elementor-size-default\">Fisicoculturista de 35 a\u00f1os. <br \/>Atleta Profesional en IFBB. <br \/>Campe\u00f3n de Espa\u00f1a NPC, <br \/>Campe\u00f3n Pro Qualifer NPC en Hungria<\/div>\t\t\t\t<\/div>\n\t\t\t\t<div class=\"elementor-element elementor-element-0a92fc9 elementor-align-center elementor-widget__width-initial pm-btn-votar elementor-widget elementor-widget-button\" data-id=\"0a92fc9\" data-element_type=\"widget\" data-e-type=\"widget\" data-categoria=\"Mejor deportista masculino\" data-candidato=\"JAVIER GARCIA GALLEGO\" data-widget_type=\"button.default\">\n\t\t\t\t\t\t\t\t\t\t<a class=\"elementor-button elementor-size-sm\" role=\"button\">\n\t\t\t\t\t\t<span class=\"elementor-button-content-wrapper\">\n\t\t\t\t\t\t\t\t\t<span class=\"elementor-button-text\">VOTAR ESTA OPCI\u00d3N<\/span>\n\t\t\t\t\t<\/span>\n\t\t\t\t\t<\/a>\n\t\t\t\t\t\t\t\t<\/div>\n\t\t\t\t<\/div>\n\t\t\t\t\t<\/div>\n\t\t\t\t<\/div>\n\t\t<div class=\"elementor-element elementor-element-9214c49 e-flex e-con-boxed e-con e-parent\" data-id=\"9214c49\" data-element_type=\"container\" data-e-type=\"container\">\n\t\t\t\t\t<div class=\"e-con-inner\">\n\t\t\t\t<div class=\"elementor-element elementor-element-32b0d29 elementor-widget elementor-widget-heading\" data-id=\"32b0d29\" data-element_type=\"widget\" data-e-type=\"widget\" data-widget_type=\"heading.default\">\n\t\t\t\t\t<h2 class=\"elementor-heading-title elementor-size-default\">Mejor deportista femenino<\/h2>\t\t\t\t<\/div>\n\t\t\t\t<div class=\"elementor-element elementor-element-eba9f88 elementor-widget elementor-widget-heading\" data-id=\"eba9f88\" data-element_type=\"widget\" data-e-type=\"widget\" data-widget_type=\"heading.default\">\n\t\t\t\t\t<div class=\"elementor-heading-title elementor-size-default\">Premia a la deportista femenina de Marchena que haya sobresalido por su trayectoria reciente, sus logros o su impacto deportivo.<\/div>\t\t\t\t<\/div>\n\t\t\t\t<div class=\"elementor-element elementor-element-3211049 elementor-widget-divider--view-line elementor-widget elementor-widget-divider\" data-id=\"3211049\" data-element_type=\"widget\" data-e-type=\"widget\" data-widget_type=\"divider.default\">\n\t\t\t\t\t\t\t<div class=\"elementor-divider\">\n\t\t\t<span class=\"elementor-divider-separator\">\n\t\t\t\t\t\t<\/span>\n\t\t<\/div>\n\t\t\t\t\t\t<\/div>\n\t\t\t\t\t<\/div>\n\t\t\t\t<\/div>\n\t\t<div class=\"elementor-element elementor-element-d9401aa e-flex e-con-boxed e-con e-parent\" data-id=\"d9401aa\" data-element_type=\"container\" data-e-type=\"container\">\n\t\t\t\t\t<div class=\"e-con-inner\">\n\t\t<div class=\"elementor-element elementor-element-b145953 e-con-full e-flex e-con e-child\" data-id=\"b145953\" data-element_type=\"container\" data-e-type=\"container\">\n\t\t\t\t<div class=\"elementor-element elementor-element-68143ca elementor-widget elementor-widget-image\" data-id=\"68143ca\" data-element_type=\"widget\" data-e-type=\"widget\" data-widget_type=\"image.default\">\n\t\t\t\t\t\t\t\t\t\t\t\t\t\t\t<img loading=\"lazy\" decoding=\"async\" width=\"369\" height=\"277\" src=\"https:\/\/galadeportemarchena.es\/wp-content\/uploads\/2026\/03\/marta-rodriguez_03.jpg\" class=\"attachment-full size-full wp-image-158\" alt=\"marta-rodriguez\" srcset=\"https:\/\/galadeportemarchena.es\/wp-content\/uploads\/2026\/03\/marta-rodriguez_03.jpg 369w, https:\/\/galadeportemarchena.es\/wp-content\/uploads\/2026\/03\/marta-rodriguez_03-300x225.jpg 300w\" sizes=\"(max-width: 369px) 100vw, 369px\" \/>\t\t\t\t\t\t\t\t\t\t\t\t\t\t\t<\/div>\n\t\t\t\t<div class=\"elementor-element elementor-element-fe33d79 elementor-widget elementor-widget-heading\" data-id=\"fe33d79\" data-element_type=\"widget\" data-e-type=\"widget\" data-widget_type=\"heading.default\">\n\t\t\t\t\t<h4 class=\"elementor-heading-title elementor-size-default\">MARTA RODRIGUEZ PAQUE<\/h4>\t\t\t\t<\/div>\n\t\t\t\t<div class=\"elementor-element elementor-element-b0cd311 elementor-widget elementor-widget-heading\" data-id=\"b0cd311\" data-element_type=\"widget\" data-e-type=\"widget\" data-widget_type=\"heading.default\">\n\t\t\t\t\t<div class=\"elementor-heading-title elementor-size-default\">Deportista de 16 a\u00f1os especializada en karate. Cintur\u00f3n negro. Dos veces campeona de Andaluc\u00eda, subcampeona de\nEspa\u00f1a en 2025, tercera de Espa\u00f1a en 2022, adem\u00e1s de m\u00faltiples podios en ligas nacionales e\ninternacionales.Pertenece a la selecci\u00f3n andaluza desde 2020.\n<\/div>\t\t\t\t<\/div>\n\t\t\t\t<div class=\"elementor-element elementor-element-ec7806e elementor-align-center elementor-widget__width-initial pm-btn-votar elementor-widget elementor-widget-button\" data-id=\"ec7806e\" data-element_type=\"widget\" data-e-type=\"widget\" data-categoria=\"Mejor deportista femenino\" data-candidato=\"MARTA RODRIGUEZ PAQUE\" data-widget_type=\"button.default\">\n\t\t\t\t\t\t\t\t\t\t<a class=\"elementor-button elementor-size-sm\" role=\"button\">\n\t\t\t\t\t\t<span class=\"elementor-button-content-wrapper\">\n\t\t\t\t\t\t\t\t\t<span class=\"elementor-button-text\">VOTAR ESTA OPCI\u00d3N<\/span>\n\t\t\t\t\t<\/span>\n\t\t\t\t\t<\/a>\n\t\t\t\t\t\t\t\t<\/div>\n\t\t\t\t<\/div>\n\t\t<div class=\"elementor-element elementor-element-e6707d6 e-con-full e-flex e-con e-child\" data-id=\"e6707d6\" data-element_type=\"container\" data-e-type=\"container\">\n\t\t\t\t<div class=\"elementor-element elementor-element-5def4cf elementor-widget elementor-widget-image\" data-id=\"5def4cf\" data-element_type=\"widget\" data-e-type=\"widget\" data-widget_type=\"image.default\">\n\t\t\t\t\t\t\t\t\t\t\t\t\t\t\t<img loading=\"lazy\" decoding=\"async\" width=\"369\" height=\"277\" src=\"https:\/\/galadeportemarchena.es\/wp-content\/uploads\/2026\/03\/marta-garcia_03.jpg\" class=\"attachment-full size-full wp-image-159\" alt=\"marta-garcia\" srcset=\"https:\/\/galadeportemarchena.es\/wp-content\/uploads\/2026\/03\/marta-garcia_03.jpg 369w, https:\/\/galadeportemarchena.es\/wp-content\/uploads\/2026\/03\/marta-garcia_03-300x225.jpg 300w\" sizes=\"(max-width: 369px) 100vw, 369px\" \/>\t\t\t\t\t\t\t\t\t\t\t\t\t\t\t<\/div>\n\t\t\t\t<div class=\"elementor-element elementor-element-577ee1b elementor-widget elementor-widget-heading\" data-id=\"577ee1b\" data-element_type=\"widget\" data-e-type=\"widget\" data-widget_type=\"heading.default\">\n\t\t\t\t\t<h4 class=\"elementor-heading-title elementor-size-default\">MARTA GARCIA<\/h4>\t\t\t\t<\/div>\n\t\t\t\t<div class=\"elementor-element elementor-element-4fdccf5 elementor-widget elementor-widget-heading\" data-id=\"4fdccf5\" data-element_type=\"widget\" data-e-type=\"widget\" data-widget_type=\"heading.default\">\n\t\t\t\t\t<div class=\"elementor-heading-title elementor-size-default\">Deportista de 24 a\u00f1os <br \/>dedicada al Baloncesto Profesional. <br \/>Cuenta entre sus mejores logros tercer puesto <br \/>en 3x3 en\nChina, a los que se le suma en <br \/>Campeonatos de Europa <br \/>y con la Selecci\u00f3n Espa\u00f1ola.<\/div>\t\t\t\t<\/div>\n\t\t\t\t<div class=\"elementor-element elementor-element-4af38f7 elementor-align-center elementor-widget__width-initial pm-btn-votar elementor-widget elementor-widget-button\" data-id=\"4af38f7\" data-element_type=\"widget\" data-e-type=\"widget\" data-categoria=\"Mejor deportista femenino\" data-candidato=\"MARTA GARCIA\" data-widget_type=\"button.default\">\n\t\t\t\t\t\t\t\t\t\t<a class=\"elementor-button elementor-size-sm\" role=\"button\">\n\t\t\t\t\t\t<span class=\"elementor-button-content-wrapper\">\n\t\t\t\t\t\t\t\t\t<span class=\"elementor-button-text\">VOTAR ESTA OPCI\u00d3N<\/span>\n\t\t\t\t\t<\/span>\n\t\t\t\t\t<\/a>\n\t\t\t\t\t\t\t\t<\/div>\n\t\t\t\t<\/div>\n\t\t<div class=\"elementor-element elementor-element-f350422 e-con-full e-flex e-con e-child\" data-id=\"f350422\" data-element_type=\"container\" data-e-type=\"container\">\n\t\t\t\t<div class=\"elementor-element elementor-element-0a92035 elementor-widget elementor-widget-image\" data-id=\"0a92035\" data-element_type=\"widget\" data-e-type=\"widget\" data-widget_type=\"image.default\">\n\t\t\t\t\t\t\t\t\t\t\t\t\t\t\t<img loading=\"lazy\" decoding=\"async\" width=\"369\" height=\"277\" src=\"https:\/\/galadeportemarchena.es\/wp-content\/uploads\/2026\/03\/pilar_03.jpg\" class=\"attachment-full size-full wp-image-160\" alt=\"\" srcset=\"https:\/\/galadeportemarchena.es\/wp-content\/uploads\/2026\/03\/pilar_03.jpg 369w, https:\/\/galadeportemarchena.es\/wp-content\/uploads\/2026\/03\/pilar_03-300x225.jpg 300w\" sizes=\"(max-width: 369px) 100vw, 369px\" \/>\t\t\t\t\t\t\t\t\t\t\t\t\t\t\t<\/div>\n\t\t\t\t<div class=\"elementor-element elementor-element-0e6b9be elementor-widget elementor-widget-heading\" data-id=\"0e6b9be\" data-element_type=\"widget\" data-e-type=\"widget\" data-widget_type=\"heading.default\">\n\t\t\t\t\t<h4 class=\"elementor-heading-title elementor-size-default\">PILAR DE GUINDOS LOPEZ<\/h4>\t\t\t\t<\/div>\n\t\t\t\t<div class=\"elementor-element elementor-element-2a617f7 elementor-widget elementor-widget-heading\" data-id=\"2a617f7\" data-element_type=\"widget\" data-e-type=\"widget\" data-widget_type=\"heading.default\">\n\t\t\t\t\t<div class=\"elementor-heading-title elementor-size-default\">Atleta de Fondo. Apasionada y Ejemplo de Constancia. Madre y Trabajadora autonoma , compagina su vida\nprofesional y familiar con el entreno diario. A los 51 a\u00f1os a conseguido ser la primera atleta marchenera en bajar de\nlas 3:30 en Maraton. Ganadora de numerosas carreras a nivel provincial en categoria master. Su hiostoria es la prueba de que los l\u00edmites s\u00f3lo existen para quien deja de intentarlo<\/div>\t\t\t\t<\/div>\n\t\t\t\t<div class=\"elementor-element elementor-element-fe2ca11 elementor-align-center elementor-widget__width-initial pm-btn-votar elementor-widget elementor-widget-button\" data-id=\"fe2ca11\" data-element_type=\"widget\" data-e-type=\"widget\" data-categoria=\"Mejor deportista femenino\" data-candidato=\"PILAR DE GUINDOS LOPEZ\" data-widget_type=\"button.default\">\n\t\t\t\t\t\t\t\t\t\t<a class=\"elementor-button elementor-size-sm\" role=\"button\">\n\t\t\t\t\t\t<span class=\"elementor-button-content-wrapper\">\n\t\t\t\t\t\t\t\t\t<span class=\"elementor-button-text\">VOTAR ESTA OPCI\u00d3N<\/span>\n\t\t\t\t\t<\/span>\n\t\t\t\t\t<\/a>\n\t\t\t\t\t\t\t\t<\/div>\n\t\t\t\t<\/div>\n\t\t\t\t\t<\/div>\n\t\t\t\t<\/div>\n\t\t<div class=\"elementor-element elementor-element-daef699 e-flex e-con-boxed e-con e-parent\" data-id=\"daef699\" data-element_type=\"container\" data-e-type=\"container\">\n\t\t\t\t\t<div class=\"e-con-inner\">\n\t\t\t\t<div class=\"elementor-element elementor-element-7bee5c5 elementor-widget elementor-widget-heading\" data-id=\"7bee5c5\" data-element_type=\"widget\" data-e-type=\"widget\" data-widget_type=\"heading.default\">\n\t\t\t\t\t<h2 class=\"elementor-heading-title elementor-size-default\">Mejor deportista promesa \/ revelaci\u00f3n<\/h2>\t\t\t\t<\/div>\n\t\t\t\t<div class=\"elementor-element elementor-element-b63907d elementor-widget elementor-widget-heading\" data-id=\"b63907d\" data-element_type=\"widget\" data-e-type=\"widget\" data-widget_type=\"heading.default\">\n\t\t\t\t\t<div class=\"elementor-heading-title elementor-size-default\">Distingue al joven deportista de Marchena que haya destacado por su progresi\u00f3n, talento, proyecci\u00f3n futura o irrupci\u00f3n en su disciplina deportiva.\n\n<\/div>\t\t\t\t<\/div>\n\t\t\t\t<div class=\"elementor-element elementor-element-5b5fccc elementor-widget-divider--view-line elementor-widget elementor-widget-divider\" data-id=\"5b5fccc\" data-element_type=\"widget\" data-e-type=\"widget\" data-widget_type=\"divider.default\">\n\t\t\t\t\t\t\t<div class=\"elementor-divider\">\n\t\t\t<span class=\"elementor-divider-separator\">\n\t\t\t\t\t\t<\/span>\n\t\t<\/div>\n\t\t\t\t\t\t<\/div>\n\t\t\t\t\t<\/div>\n\t\t\t\t<\/div>\n\t\t<div class=\"elementor-element elementor-element-630c155 e-flex e-con-boxed e-con e-parent\" data-id=\"630c155\" data-element_type=\"container\" data-e-type=\"container\">\n\t\t\t\t\t<div class=\"e-con-inner\">\n\t\t<div class=\"elementor-element elementor-element-83382d1 e-con-full e-flex e-con e-child\" data-id=\"83382d1\" data-element_type=\"container\" data-e-type=\"container\">\n\t\t\t\t<div class=\"elementor-element elementor-element-ce72745 elementor-widget elementor-widget-image\" data-id=\"ce72745\" data-element_type=\"widget\" data-e-type=\"widget\" data-widget_type=\"image.default\">\n\t\t\t\t\t\t\t\t\t\t\t\t\t\t\t<img loading=\"lazy\" decoding=\"async\" width=\"369\" height=\"277\" src=\"https:\/\/galadeportemarchena.es\/wp-content\/uploads\/2026\/03\/yoel_03-1.jpg\" class=\"attachment-full size-full wp-image-165\" alt=\"\" srcset=\"https:\/\/galadeportemarchena.es\/wp-content\/uploads\/2026\/03\/yoel_03-1.jpg 369w, https:\/\/galadeportemarchena.es\/wp-content\/uploads\/2026\/03\/yoel_03-1-300x225.jpg 300w\" sizes=\"(max-width: 369px) 100vw, 369px\" \/>\t\t\t\t\t\t\t\t\t\t\t\t\t\t\t<\/div>\n\t\t\t\t<div class=\"elementor-element elementor-element-b5589ee elementor-widget elementor-widget-heading\" data-id=\"b5589ee\" data-element_type=\"widget\" data-e-type=\"widget\" data-widget_type=\"heading.default\">\n\t\t\t\t\t<h4 class=\"elementor-heading-title elementor-size-default\">YOEL MU\u00d1OZ SU\u00c1REZ<\/h4>\t\t\t\t<\/div>\n\t\t\t\t<div class=\"elementor-element elementor-element-9b6d3b1 elementor-widget elementor-widget-heading\" data-id=\"9b6d3b1\" data-element_type=\"widget\" data-e-type=\"widget\" data-widget_type=\"heading.default\">\n\t\t\t\t\t<div class=\"elementor-heading-title elementor-size-default\">8 a\u00f1os, ha conseguido numerosos premios. Campe\u00f3n circuito provincial de Sevilla, subcampe\u00f3n campeonato de menores de Sevilla , Top 10 en el Campeonato de Andaluc\u00eda.<\/div>\t\t\t\t<\/div>\n\t\t\t\t<div class=\"elementor-element elementor-element-d2ba54c elementor-align-center elementor-widget__width-initial pm-btn-votar elementor-widget elementor-widget-button\" data-id=\"d2ba54c\" data-element_type=\"widget\" data-e-type=\"widget\" data-categoria=\"Mejor deportista promesa\/revelaci\u00f3n\" data-candidato=\"YOEL MU\u00d1OZ SU\u00c1REZ\" data-widget_type=\"button.default\">\n\t\t\t\t\t\t\t\t\t\t<a class=\"elementor-button elementor-size-sm\" role=\"button\">\n\t\t\t\t\t\t<span class=\"elementor-button-content-wrapper\">\n\t\t\t\t\t\t\t\t\t<span class=\"elementor-button-text\">VOTAR ESTA OPCI\u00d3N<\/span>\n\t\t\t\t\t<\/span>\n\t\t\t\t\t<\/a>\n\t\t\t\t\t\t\t\t<\/div>\n\t\t\t\t<\/div>\n\t\t<div class=\"elementor-element elementor-element-6e8ee48 e-con-full e-flex e-con e-child\" data-id=\"6e8ee48\" data-element_type=\"container\" data-e-type=\"container\">\n\t\t\t\t<div class=\"elementor-element elementor-element-0e30930 elementor-widget elementor-widget-image\" data-id=\"0e30930\" data-element_type=\"widget\" data-e-type=\"widget\" data-widget_type=\"image.default\">\n\t\t\t\t\t\t\t\t\t\t\t\t\t\t\t<img loading=\"lazy\" decoding=\"async\" width=\"369\" height=\"277\" src=\"https:\/\/galadeportemarchena.es\/wp-content\/uploads\/2026\/03\/maria_03.jpg\" class=\"attachment-full size-full wp-image-166\" alt=\"\" srcset=\"https:\/\/galadeportemarchena.es\/wp-content\/uploads\/2026\/03\/maria_03.jpg 369w, https:\/\/galadeportemarchena.es\/wp-content\/uploads\/2026\/03\/maria_03-300x225.jpg 300w\" sizes=\"(max-width: 369px) 100vw, 369px\" \/>\t\t\t\t\t\t\t\t\t\t\t\t\t\t\t<\/div>\n\t\t\t\t<div class=\"elementor-element elementor-element-150cbac elementor-widget elementor-widget-heading\" data-id=\"150cbac\" data-element_type=\"widget\" data-e-type=\"widget\" data-widget_type=\"heading.default\">\n\t\t\t\t\t<h4 class=\"elementor-heading-title elementor-size-default\">MARIA DIAZ CRESPO<\/h4>\t\t\t\t<\/div>\n\t\t\t\t<div class=\"elementor-element elementor-element-81f195b elementor-widget elementor-widget-heading\" data-id=\"81f195b\" data-element_type=\"widget\" data-e-type=\"widget\" data-widget_type=\"heading.default\">\n\t\t\t\t\t<div class=\"elementor-heading-title elementor-size-default\">Con 9 a\u00f1os, ya ha conseguido notables \u00e9xitos como\nTercer Puesto en el Cross Internacional de Italica, Campeona provincial de Pista Aire Libre. Clasificada para los\nCampeonatos de Andalucia de 1000, 2000 m.l<\/div>\t\t\t\t<\/div>\n\t\t\t\t<div class=\"elementor-element elementor-element-635c6f1 elementor-align-center elementor-widget__width-initial pm-btn-votar elementor-widget elementor-widget-button\" data-id=\"635c6f1\" data-element_type=\"widget\" data-e-type=\"widget\" data-categoria=\"Mejor deportista promesa\/revelaci\u00f3n\" data-candidato=\"MAR\u00cdA D\u00cdAZ CRESPO\" data-widget_type=\"button.default\">\n\t\t\t\t\t\t\t\t\t\t<a class=\"elementor-button elementor-size-sm\" role=\"button\">\n\t\t\t\t\t\t<span class=\"elementor-button-content-wrapper\">\n\t\t\t\t\t\t\t\t\t<span class=\"elementor-button-text\">VOTAR ESTA OPCI\u00d3N<\/span>\n\t\t\t\t\t<\/span>\n\t\t\t\t\t<\/a>\n\t\t\t\t\t\t\t\t<\/div>\n\t\t\t\t<\/div>\n\t\t<div class=\"elementor-element elementor-element-dc3ac89 e-con-full e-flex e-con e-child\" data-id=\"dc3ac89\" data-element_type=\"container\" data-e-type=\"container\">\n\t\t\t\t<div class=\"elementor-element elementor-element-0219de7 elementor-widget elementor-widget-image\" data-id=\"0219de7\" data-element_type=\"widget\" data-e-type=\"widget\" data-widget_type=\"image.default\">\n\t\t\t\t\t\t\t\t\t\t\t\t\t\t\t<img loading=\"lazy\" decoding=\"async\" width=\"369\" height=\"277\" src=\"https:\/\/galadeportemarchena.es\/wp-content\/uploads\/2026\/03\/julian_03.jpg\" class=\"attachment-full size-full wp-image-168\" alt=\"\" srcset=\"https:\/\/galadeportemarchena.es\/wp-content\/uploads\/2026\/03\/julian_03.jpg 369w, https:\/\/galadeportemarchena.es\/wp-content\/uploads\/2026\/03\/julian_03-300x225.jpg 300w\" sizes=\"(max-width: 369px) 100vw, 369px\" \/>\t\t\t\t\t\t\t\t\t\t\t\t\t\t\t<\/div>\n\t\t\t\t<div class=\"elementor-element elementor-element-903a252 elementor-widget elementor-widget-heading\" data-id=\"903a252\" data-element_type=\"widget\" data-e-type=\"widget\" data-widget_type=\"heading.default\">\n\t\t\t\t\t<h4 class=\"elementor-heading-title elementor-size-default\">JULIAN NAVARRO PONCE<\/h4>\t\t\t\t<\/div>\n\t\t\t\t<div class=\"elementor-element elementor-element-bcd16ed elementor-widget elementor-widget-heading\" data-id=\"bcd16ed\" data-element_type=\"widget\" data-e-type=\"widget\" data-widget_type=\"heading.default\">\n\t\t\t\t\t<div class=\"elementor-heading-title elementor-size-default\">Con 11 a\u00f1os de edad es Portero del Sevilla F.C. y de la Selecci\u00f3n Sevillana de F\u00fatbol. Cuenta con la participaci\u00f3n en\nnumerosos torneos internacionales y varios premios en Campeonatos Nacionales<\/div>\t\t\t\t<\/div>\n\t\t\t\t<div class=\"elementor-element elementor-element-a49f9cc elementor-align-center elementor-widget__width-initial pm-btn-votar elementor-widget elementor-widget-button\" data-id=\"a49f9cc\" data-element_type=\"widget\" data-e-type=\"widget\" data-categoria=\"Mejor deportista promesa\/revelaci\u00f3n\" data-candidato=\"JULI\u00c1N NAVARRO PONCE\" data-widget_type=\"button.default\">\n\t\t\t\t\t\t\t\t\t\t<a class=\"elementor-button elementor-size-sm\" role=\"button\">\n\t\t\t\t\t\t<span class=\"elementor-button-content-wrapper\">\n\t\t\t\t\t\t\t\t\t<span class=\"elementor-button-text\">VOTAR ESTA OPCI\u00d3N<\/span>\n\t\t\t\t\t<\/span>\n\t\t\t\t\t<\/a>\n\t\t\t\t\t\t\t\t<\/div>\n\t\t\t\t<\/div>\n\t\t\t\t\t<\/div>\n\t\t\t\t<\/div>\n\t\t<div class=\"elementor-element elementor-element-b8ff214 e-flex e-con-boxed e-con e-parent\" data-id=\"b8ff214\" data-element_type=\"container\" data-e-type=\"container\">\n\t\t\t\t\t<div class=\"e-con-inner\">\n\t\t\t\t<div class=\"elementor-element elementor-element-d3f5117 elementor-widget elementor-widget-heading\" data-id=\"d3f5117\" data-element_type=\"widget\" data-e-type=\"widget\" data-widget_type=\"heading.default\">\n\t\t\t\t\t<h2 class=\"elementor-heading-title elementor-size-default\">Trayectoria deportiva<\/h2>\t\t\t\t<\/div>\n\t\t\t\t<div class=\"elementor-element elementor-element-9406bc6 elementor-widget elementor-widget-heading\" data-id=\"9406bc6\" data-element_type=\"widget\" data-e-type=\"widget\" data-widget_type=\"heading.default\">\n\t\t\t\t\t<div class=\"elementor-heading-title elementor-size-default\">Premia al deportista de Marchena que haya mantenido una carrera destacada a lo largo del tiempo, por su constancia, logros y dedicaci\u00f3n al deporte.\n\n<\/div>\t\t\t\t<\/div>\n\t\t\t\t<div class=\"elementor-element elementor-element-20c2dd3 elementor-widget-divider--view-line elementor-widget elementor-widget-divider\" data-id=\"20c2dd3\" data-element_type=\"widget\" data-e-type=\"widget\" data-widget_type=\"divider.default\">\n\t\t\t\t\t\t\t<div class=\"elementor-divider\">\n\t\t\t<span class=\"elementor-divider-separator\">\n\t\t\t\t\t\t<\/span>\n\t\t<\/div>\n\t\t\t\t\t\t<\/div>\n\t\t\t\t\t<\/div>\n\t\t\t\t<\/div>\n\t\t<div class=\"elementor-element elementor-element-4b82271 e-flex e-con-boxed e-con e-parent\" data-id=\"4b82271\" data-element_type=\"container\" data-e-type=\"container\">\n\t\t\t\t\t<div class=\"e-con-inner\">\n\t\t<div class=\"elementor-element elementor-element-33588d6 e-con-full e-flex e-con e-child\" data-id=\"33588d6\" data-element_type=\"container\" data-e-type=\"container\">\n\t\t\t\t<div class=\"elementor-element elementor-element-3617222 elementor-widget elementor-widget-image\" data-id=\"3617222\" data-element_type=\"widget\" data-e-type=\"widget\" data-widget_type=\"image.default\">\n\t\t\t\t\t\t\t\t\t\t\t\t\t\t\t<img loading=\"lazy\" decoding=\"async\" width=\"369\" height=\"277\" src=\"https:\/\/galadeportemarchena.es\/wp-content\/uploads\/2026\/03\/antonio-rodriguez_03.jpg\" class=\"attachment-full size-full wp-image-173\" alt=\"antonio-rodriguez\" srcset=\"https:\/\/galadeportemarchena.es\/wp-content\/uploads\/2026\/03\/antonio-rodriguez_03.jpg 369w, https:\/\/galadeportemarchena.es\/wp-content\/uploads\/2026\/03\/antonio-rodriguez_03-300x225.jpg 300w\" sizes=\"(max-width: 369px) 100vw, 369px\" \/>\t\t\t\t\t\t\t\t\t\t\t\t\t\t\t<\/div>\n\t\t\t\t<div class=\"elementor-element elementor-element-a9a62cd elementor-widget elementor-widget-heading\" data-id=\"a9a62cd\" data-element_type=\"widget\" data-e-type=\"widget\" data-widget_type=\"heading.default\">\n\t\t\t\t\t<h4 class=\"elementor-heading-title elementor-size-default\">ANTONIO RODRIGUEZ AGUILERA<\/h4>\t\t\t\t<\/div>\n\t\t\t\t<div class=\"elementor-element elementor-element-564684d elementor-widget elementor-widget-heading\" data-id=\"564684d\" data-element_type=\"widget\" data-e-type=\"widget\" data-widget_type=\"heading.default\">\n\t\t\t\t\t<div class=\"elementor-heading-title elementor-size-default\">Maestro de Ajedrez, <br \/>Campe\u00f3n de Andalucia de Ajedrez, <br \/>llegando a ser 5 de Espa\u00f1a, <br \/>lleva m\u00e1s de 30 a\u00f1os vinculado a<br \/>\nesta disciplina<\/div>\t\t\t\t<\/div>\n\t\t\t\t<div class=\"elementor-element elementor-element-8624b11 elementor-align-center elementor-widget__width-initial pm-btn-votar elementor-widget elementor-widget-button\" data-id=\"8624b11\" data-element_type=\"widget\" data-e-type=\"widget\" data-categoria=\"Trayectoria deportiva\" data-candidato=\"ANTONIO RODR\u00cdGUEZ AGUILERA\" data-widget_type=\"button.default\">\n\t\t\t\t\t\t\t\t\t\t<a class=\"elementor-button elementor-size-sm\" role=\"button\">\n\t\t\t\t\t\t<span class=\"elementor-button-content-wrapper\">\n\t\t\t\t\t\t\t\t\t<span class=\"elementor-button-text\">VOTAR ESTA OPCI\u00d3N<\/span>\n\t\t\t\t\t<\/span>\n\t\t\t\t\t<\/a>\n\t\t\t\t\t\t\t\t<\/div>\n\t\t\t\t<\/div>\n\t\t<div class=\"elementor-element elementor-element-92c3d33 e-con-full e-flex e-con e-child\" data-id=\"92c3d33\" data-element_type=\"container\" data-e-type=\"container\">\n\t\t\t\t<div class=\"elementor-element elementor-element-d7fa19e elementor-widget elementor-widget-image\" data-id=\"d7fa19e\" data-element_type=\"widget\" data-e-type=\"widget\" data-widget_type=\"image.default\">\n\t\t\t\t\t\t\t\t\t\t\t\t\t\t\t<img loading=\"lazy\" decoding=\"async\" width=\"369\" height=\"277\" src=\"https:\/\/galadeportemarchena.es\/wp-content\/uploads\/2026\/03\/teresa-siles_03.jpg\" class=\"attachment-full size-full wp-image-174\" alt=\"teresa-siles\" srcset=\"https:\/\/galadeportemarchena.es\/wp-content\/uploads\/2026\/03\/teresa-siles_03.jpg 369w, https:\/\/galadeportemarchena.es\/wp-content\/uploads\/2026\/03\/teresa-siles_03-300x225.jpg 300w\" sizes=\"(max-width: 369px) 100vw, 369px\" \/>\t\t\t\t\t\t\t\t\t\t\t\t\t\t\t<\/div>\n\t\t\t\t<div class=\"elementor-element elementor-element-be01efa elementor-widget elementor-widget-heading\" data-id=\"be01efa\" data-element_type=\"widget\" data-e-type=\"widget\" data-widget_type=\"heading.default\">\n\t\t\t\t\t<h4 class=\"elementor-heading-title elementor-size-default\">MARIA TERESA SILES ALVAREZ<\/h4>\t\t\t\t<\/div>\n\t\t\t\t<div class=\"elementor-element elementor-element-d4638c1 elementor-widget elementor-widget-heading\" data-id=\"d4638c1\" data-element_type=\"widget\" data-e-type=\"widget\" data-widget_type=\"heading.default\">\n\t\t\t\t\t<div class=\"elementor-heading-title elementor-size-default\">Pescadora de 36 a\u00f1os. Con su corta edad a participado en 13 mundiales, siendo Campeona del mundo individual y\npor selecciones en el a\u00f1o 2010. <br \/>A\u00f1ade a esto numerosos campeonatos Nacionales y Regionales<\/div>\t\t\t\t<\/div>\n\t\t\t\t<div class=\"elementor-element elementor-element-3ae7635 elementor-align-center elementor-widget__width-initial pm-btn-votar elementor-widget elementor-widget-button\" data-id=\"3ae7635\" data-element_type=\"widget\" data-e-type=\"widget\" data-categoria=\"Trayectoria deportiva\" data-candidato=\"MAR\u00cdA TERESA SILES \u00c1LVAREZ\" data-widget_type=\"button.default\">\n\t\t\t\t\t\t\t\t\t\t<a class=\"elementor-button elementor-size-sm\" role=\"button\">\n\t\t\t\t\t\t<span class=\"elementor-button-content-wrapper\">\n\t\t\t\t\t\t\t\t\t<span class=\"elementor-button-text\">VOTAR ESTA OPCI\u00d3N<\/span>\n\t\t\t\t\t<\/span>\n\t\t\t\t\t<\/a>\n\t\t\t\t\t\t\t\t<\/div>\n\t\t\t\t<\/div>\n\t\t<div class=\"elementor-element elementor-element-8bb65fc e-con-full e-flex e-con e-child\" data-id=\"8bb65fc\" data-element_type=\"container\" data-e-type=\"container\">\n\t\t\t\t<div class=\"elementor-element elementor-element-6979dcc elementor-widget elementor-widget-image\" data-id=\"6979dcc\" data-element_type=\"widget\" data-e-type=\"widget\" data-widget_type=\"image.default\">\n\t\t\t\t\t\t\t\t\t\t\t\t\t\t\t<img loading=\"lazy\" decoding=\"async\" width=\"369\" height=\"277\" src=\"https:\/\/galadeportemarchena.es\/wp-content\/uploads\/2026\/03\/mijatovic_03.jpg\" class=\"attachment-full size-full wp-image-175\" alt=\"mijatovic\" srcset=\"https:\/\/galadeportemarchena.es\/wp-content\/uploads\/2026\/03\/mijatovic_03.jpg 369w, https:\/\/galadeportemarchena.es\/wp-content\/uploads\/2026\/03\/mijatovic_03-300x225.jpg 300w\" sizes=\"(max-width: 369px) 100vw, 369px\" \/>\t\t\t\t\t\t\t\t\t\t\t\t\t\t\t<\/div>\n\t\t\t\t<div class=\"elementor-element elementor-element-c0146ab elementor-widget elementor-widget-heading\" data-id=\"c0146ab\" data-element_type=\"widget\" data-e-type=\"widget\" data-widget_type=\"heading.default\">\n\t\t\t\t\t<h4 class=\"elementor-heading-title elementor-size-default\">ZORAN MIJATOVIC<\/h4>\t\t\t\t<\/div>\n\t\t\t\t<div class=\"elementor-element elementor-element-5f53afb elementor-widget elementor-widget-heading\" data-id=\"5f53afb\" data-element_type=\"widget\" data-e-type=\"widget\" data-widget_type=\"heading.default\">\n\t\t\t\t\t<div class=\"elementor-heading-title elementor-size-default\">Toda una vida dedicada al Balonmano.Como deportista profesional lo gano todo Champions, Liga, Copa y Supercopa\nde Europa. 4 a\u00f1os m\u00e1ximo goleador. En nuestra localidad, toda su vida vinculada al Club Balonmano Martia\ncoincidiendo con la \u00e9poca dorada del club<\/div>\t\t\t\t<\/div>\n\t\t\t\t<div class=\"elementor-element elementor-element-09f695b elementor-align-center elementor-widget__width-initial pm-btn-votar elementor-widget elementor-widget-button\" data-id=\"09f695b\" data-element_type=\"widget\" data-e-type=\"widget\" data-categoria=\"Trayectoria deportiva\" data-candidato=\"ZORAN MIJATOVIC\" data-widget_type=\"button.default\">\n\t\t\t\t\t\t\t\t\t\t<a class=\"elementor-button elementor-size-sm\" role=\"button\">\n\t\t\t\t\t\t<span class=\"elementor-button-content-wrapper\">\n\t\t\t\t\t\t\t\t\t<span class=\"elementor-button-text\">VOTAR ESTA OPCI\u00d3N<\/span>\n\t\t\t\t\t<\/span>\n\t\t\t\t\t<\/a>\n\t\t\t\t\t\t\t\t<\/div>\n\t\t\t\t<\/div>\n\t\t\t\t\t<\/div>\n\t\t\t\t<\/div>\n\t\t<div class=\"elementor-element elementor-element-a314324 e-flex e-con-boxed e-con e-parent\" data-id=\"a314324\" data-element_type=\"container\" data-e-type=\"container\">\n\t\t\t\t\t<div class=\"e-con-inner\">\n\t\t\t\t<div class=\"elementor-element elementor-element-695bcab elementor-widget elementor-widget-heading\" data-id=\"695bcab\" data-element_type=\"widget\" data-e-type=\"widget\" data-widget_type=\"heading.default\">\n\t\t\t\t\t<h2 class=\"elementor-heading-title elementor-size-default\">Mejor club<\/h2>\t\t\t\t<\/div>\n\t\t\t\t<div class=\"elementor-element elementor-element-431fc36 elementor-widget elementor-widget-heading\" data-id=\"431fc36\" data-element_type=\"widget\" data-e-type=\"widget\" data-widget_type=\"heading.default\">\n\t\t\t\t\t<div class=\"elementor-heading-title elementor-size-default\">Reconoce al club deportivo de Marchena que haya sobresalido por sus resultados, gesti\u00f3n, promoci\u00f3n del deporte o impacto en la comunidad.<\/div>\t\t\t\t<\/div>\n\t\t\t\t<div class=\"elementor-element elementor-element-fc38e4b elementor-widget-divider--view-line elementor-widget elementor-widget-divider\" data-id=\"fc38e4b\" data-element_type=\"widget\" data-e-type=\"widget\" data-widget_type=\"divider.default\">\n\t\t\t\t\t\t\t<div class=\"elementor-divider\">\n\t\t\t<span class=\"elementor-divider-separator\">\n\t\t\t\t\t\t<\/span>\n\t\t<\/div>\n\t\t\t\t\t\t<\/div>\n\t\t\t\t\t<\/div>\n\t\t\t\t<\/div>\n\t\t<div class=\"elementor-element elementor-element-bf6fe4b e-flex e-con-boxed e-con e-parent\" data-id=\"bf6fe4b\" data-element_type=\"container\" data-e-type=\"container\">\n\t\t\t\t\t<div class=\"e-con-inner\">\n\t\t<div class=\"elementor-element elementor-element-a1986e2 e-con-full e-flex e-con e-child\" data-id=\"a1986e2\" data-element_type=\"container\" data-e-type=\"container\">\n\t\t\t\t<div class=\"elementor-element elementor-element-0a1b6cb elementor-widget elementor-widget-image\" data-id=\"0a1b6cb\" data-element_type=\"widget\" data-e-type=\"widget\" data-widget_type=\"image.default\">\n\t\t\t\t\t\t\t\t\t\t\t\t\t\t\t<img loading=\"lazy\" decoding=\"async\" width=\"369\" height=\"277\" src=\"https:\/\/galadeportemarchena.es\/wp-content\/uploads\/2026\/03\/shotoyama_03.jpg\" class=\"attachment-full size-full wp-image-176\" alt=\"\" srcset=\"https:\/\/galadeportemarchena.es\/wp-content\/uploads\/2026\/03\/shotoyama_03.jpg 369w, https:\/\/galadeportemarchena.es\/wp-content\/uploads\/2026\/03\/shotoyama_03-300x225.jpg 300w\" sizes=\"(max-width: 369px) 100vw, 369px\" \/>\t\t\t\t\t\t\t\t\t\t\t\t\t\t\t<\/div>\n\t\t\t\t<div class=\"elementor-element elementor-element-84f8704 elementor-widget elementor-widget-heading\" data-id=\"84f8704\" data-element_type=\"widget\" data-e-type=\"widget\" data-widget_type=\"heading.default\">\n\t\t\t\t\t<h4 class=\"elementor-heading-title elementor-size-default\">C.D SHOTOYAMA KARATE<\/h4>\t\t\t\t<\/div>\n\t\t\t\t<div class=\"elementor-element elementor-element-aa3b5e9 elementor-widget elementor-widget-heading\" data-id=\"aa3b5e9\" data-element_type=\"widget\" data-e-type=\"widget\" data-widget_type=\"heading.default\">\n\t\t\t\t\t<div class=\"elementor-heading-title elementor-size-default\">Club con m\u00e1s de 35 a\u00f1os de trayectoria y m\u00e1s de 150 alumnos en Marchena. Ha formado al menos 12 Campeones de\nEspa\u00f1a en Marchena y destaca por su labor deportiva, social y de impulso al deporte femenino.\n<\/div>\t\t\t\t<\/div>\n\t\t\t\t<div class=\"elementor-element elementor-element-82c9979 elementor-align-center elementor-widget__width-initial pm-btn-votar elementor-widget elementor-widget-button\" data-id=\"82c9979\" data-element_type=\"widget\" data-e-type=\"widget\" data-categoria=\"Mejor club\" data-candidato=\"C.D SHOTOYAMA KARATE\" data-widget_type=\"button.default\">\n\t\t\t\t\t\t\t\t\t\t<a class=\"elementor-button elementor-size-sm\" role=\"button\">\n\t\t\t\t\t\t<span class=\"elementor-button-content-wrapper\">\n\t\t\t\t\t\t\t\t\t<span class=\"elementor-button-text\">VOTAR ESTA OPCI\u00d3N<\/span>\n\t\t\t\t\t<\/span>\n\t\t\t\t\t<\/a>\n\t\t\t\t\t\t\t\t<\/div>\n\t\t\t\t<\/div>\n\t\t<div class=\"elementor-element elementor-element-97ce163 e-con-full e-flex e-con e-child\" data-id=\"97ce163\" data-element_type=\"container\" data-e-type=\"container\">\n\t\t\t\t<div class=\"elementor-element elementor-element-ee073bc elementor-widget elementor-widget-image\" data-id=\"ee073bc\" data-element_type=\"widget\" data-e-type=\"widget\" data-widget_type=\"image.default\">\n\t\t\t\t\t\t\t\t\t\t\t\t\t\t\t<img loading=\"lazy\" decoding=\"async\" width=\"369\" height=\"277\" src=\"https:\/\/galadeportemarchena.es\/wp-content\/uploads\/2026\/03\/marchena-boxing_03.jpg\" class=\"attachment-full size-full wp-image-178\" alt=\"\" srcset=\"https:\/\/galadeportemarchena.es\/wp-content\/uploads\/2026\/03\/marchena-boxing_03.jpg 369w, https:\/\/galadeportemarchena.es\/wp-content\/uploads\/2026\/03\/marchena-boxing_03-300x225.jpg 300w\" sizes=\"(max-width: 369px) 100vw, 369px\" \/>\t\t\t\t\t\t\t\t\t\t\t\t\t\t\t<\/div>\n\t\t\t\t<div class=\"elementor-element elementor-element-9b693e8 elementor-widget elementor-widget-heading\" data-id=\"9b693e8\" data-element_type=\"widget\" data-e-type=\"widget\" data-widget_type=\"heading.default\">\n\t\t\t\t\t<h4 class=\"elementor-heading-title elementor-size-default\">MARCHENA BOXING CLUB<\/h4>\t\t\t\t<\/div>\n\t\t\t\t<div class=\"elementor-element elementor-element-4ae7553 elementor-widget elementor-widget-heading\" data-id=\"4ae7553\" data-element_type=\"widget\" data-e-type=\"widget\" data-widget_type=\"heading.default\">\n\t\t\t\t\t<div class=\"elementor-heading-title elementor-size-default\">Club de reciente creaci\u00f3n que surge como <br \/>continuaci\u00f3n de la labor realizada en el <br \/>Club Boxeo Isidro. <br \/>Dedicado a la\npromoci\u00f3n del Deporte del Boxeo en nuestra localidad<\/div>\t\t\t\t<\/div>\n\t\t\t\t<div class=\"elementor-element elementor-element-7ad9d0a elementor-align-center elementor-widget__width-initial pm-btn-votar elementor-widget elementor-widget-button\" data-id=\"7ad9d0a\" data-element_type=\"widget\" data-e-type=\"widget\" data-categoria=\"Mejor club\" data-candidato=\"MARCHENA BOXING CLUB\" data-widget_type=\"button.default\">\n\t\t\t\t\t\t\t\t\t\t<a class=\"elementor-button elementor-size-sm\" role=\"button\">\n\t\t\t\t\t\t<span class=\"elementor-button-content-wrapper\">\n\t\t\t\t\t\t\t\t\t<span class=\"elementor-button-text\">VOTAR ESTA OPCI\u00d3N<\/span>\n\t\t\t\t\t<\/span>\n\t\t\t\t\t<\/a>\n\t\t\t\t\t\t\t\t<\/div>\n\t\t\t\t<\/div>\n\t\t<div class=\"elementor-element elementor-element-bc1eed6 e-con-full e-flex e-con e-child\" data-id=\"bc1eed6\" data-element_type=\"container\" data-e-type=\"container\">\n\t\t\t\t<div class=\"elementor-element elementor-element-2823d1e elementor-widget elementor-widget-image\" data-id=\"2823d1e\" data-element_type=\"widget\" data-e-type=\"widget\" data-widget_type=\"image.default\">\n\t\t\t\t\t\t\t\t\t\t\t\t\t\t\t<img loading=\"lazy\" decoding=\"async\" width=\"369\" height=\"277\" src=\"https:\/\/galadeportemarchena.es\/wp-content\/uploads\/2026\/03\/ciclismo_03.jpg\" class=\"attachment-full size-full wp-image-177\" alt=\"\" srcset=\"https:\/\/galadeportemarchena.es\/wp-content\/uploads\/2026\/03\/ciclismo_03.jpg 369w, https:\/\/galadeportemarchena.es\/wp-content\/uploads\/2026\/03\/ciclismo_03-300x225.jpg 300w\" sizes=\"(max-width: 369px) 100vw, 369px\" \/>\t\t\t\t\t\t\t\t\t\t\t\t\t\t\t<\/div>\n\t\t\t\t<div class=\"elementor-element elementor-element-a350cde elementor-widget elementor-widget-heading\" data-id=\"a350cde\" data-element_type=\"widget\" data-e-type=\"widget\" data-widget_type=\"heading.default\">\n\t\t\t\t\t<h4 class=\"elementor-heading-title elementor-size-default\">CLUB CICLISTA DE MONTA\u00d1A 8,30<\/h4>\t\t\t\t<\/div>\n\t\t\t\t<div class=\"elementor-element elementor-element-f3b7e20 elementor-widget elementor-widget-heading\" data-id=\"f3b7e20\" data-element_type=\"widget\" data-e-type=\"widget\" data-widget_type=\"heading.default\">\n\t\t\t\t\t<div class=\"elementor-heading-title elementor-size-default\">Club con solera dentro de la promoci\u00f3n del Deporte de la Bicicleta de Monta\u00f1a como actividad l\u00fadica y deportiva. Organiza salidas todos los Domingos, as\u00ed como salidas extraordinarias y abiertas a la particpac\u00f3n de Marcheneros y\nMarcheneras<\/div>\t\t\t\t<\/div>\n\t\t\t\t<div class=\"elementor-element elementor-element-026bdf4 elementor-align-center elementor-widget__width-initial pm-btn-votar elementor-widget elementor-widget-button\" data-id=\"026bdf4\" data-element_type=\"widget\" data-e-type=\"widget\" data-categoria=\"Mejor club\" data-candidato=\"CLUB CICLISTA DE MONTA\u00d1A 8,30\" data-widget_type=\"button.default\">\n\t\t\t\t\t\t\t\t\t\t<a class=\"elementor-button elementor-size-sm\" role=\"button\">\n\t\t\t\t\t\t<span class=\"elementor-button-content-wrapper\">\n\t\t\t\t\t\t\t\t\t<span class=\"elementor-button-text\">VOTAR ESTA OPCI\u00d3N<\/span>\n\t\t\t\t\t<\/span>\n\t\t\t\t\t<\/a>\n\t\t\t\t\t\t\t\t<\/div>\n\t\t\t\t<\/div>\n\t\t\t\t\t<\/div>\n\t\t\t\t<\/div>\n\t\t<div class=\"elementor-element elementor-element-bdcaed2 e-flex e-con-boxed e-con e-parent\" data-id=\"bdcaed2\" data-element_type=\"container\" data-e-type=\"container\">\n\t\t\t\t\t<div class=\"e-con-inner\">\n\t\t\t\t<div class=\"elementor-element elementor-element-abcebaf elementor-widget elementor-widget-heading\" data-id=\"abcebaf\" data-element_type=\"widget\" data-e-type=\"widget\" data-widget_type=\"heading.default\">\n\t\t\t\t\t<h2 class=\"elementor-heading-title elementor-size-default\">Mejor entrenador\/a<\/h2>\t\t\t\t<\/div>\n\t\t\t\t<div class=\"elementor-element elementor-element-d6dbd45 elementor-widget elementor-widget-heading\" data-id=\"d6dbd45\" data-element_type=\"widget\" data-e-type=\"widget\" data-widget_type=\"heading.default\">\n\t\t\t\t\t<div class=\"elementor-heading-title elementor-size-default\">Valora al entrenador o entrenadora de Marchena que haya destacado por su labor formativa, resultados deportivos o contribuci\u00f3n al desarrollo de sus deportistas.<\/div>\t\t\t\t<\/div>\n\t\t\t\t<div class=\"elementor-element elementor-element-34b55c3 elementor-widget-divider--view-line elementor-widget elementor-widget-divider\" data-id=\"34b55c3\" data-element_type=\"widget\" data-e-type=\"widget\" data-widget_type=\"divider.default\">\n\t\t\t\t\t\t\t<div class=\"elementor-divider\">\n\t\t\t<span class=\"elementor-divider-separator\">\n\t\t\t\t\t\t<\/span>\n\t\t<\/div>\n\t\t\t\t\t\t<\/div>\n\t\t\t\t\t<\/div>\n\t\t\t\t<\/div>\n\t\t<div class=\"elementor-element elementor-element-a708bcc e-flex e-con-boxed e-con e-parent\" data-id=\"a708bcc\" data-element_type=\"container\" data-e-type=\"container\">\n\t\t\t\t\t<div class=\"e-con-inner\">\n\t\t<div class=\"elementor-element elementor-element-f495278 e-con-full e-flex e-con e-child\" data-id=\"f495278\" data-element_type=\"container\" data-e-type=\"container\">\n\t\t\t\t<div class=\"elementor-element elementor-element-543907d elementor-widget elementor-widget-image\" data-id=\"543907d\" data-element_type=\"widget\" data-e-type=\"widget\" data-widget_type=\"image.default\">\n\t\t\t\t\t\t\t\t\t\t\t\t\t\t\t<img loading=\"lazy\" decoding=\"async\" width=\"369\" height=\"277\" src=\"https:\/\/galadeportemarchena.es\/wp-content\/uploads\/2026\/03\/melga_03.jpg\" class=\"attachment-full size-full wp-image-179\" alt=\"\" srcset=\"https:\/\/galadeportemarchena.es\/wp-content\/uploads\/2026\/03\/melga_03.jpg 369w, https:\/\/galadeportemarchena.es\/wp-content\/uploads\/2026\/03\/melga_03-300x225.jpg 300w\" sizes=\"(max-width: 369px) 100vw, 369px\" \/>\t\t\t\t\t\t\t\t\t\t\t\t\t\t\t<\/div>\n\t\t\t\t<div class=\"elementor-element elementor-element-dedb570 elementor-widget elementor-widget-heading\" data-id=\"dedb570\" data-element_type=\"widget\" data-e-type=\"widget\" data-widget_type=\"heading.default\">\n\t\t\t\t\t<h4 class=\"elementor-heading-title elementor-size-default\">DANIEL MELGAREJO<\/h4>\t\t\t\t<\/div>\n\t\t\t\t<div class=\"elementor-element elementor-element-dd11b23 elementor-widget elementor-widget-heading\" data-id=\"dd11b23\" data-element_type=\"widget\" data-e-type=\"widget\" data-widget_type=\"heading.default\">\n\t\t\t\t\t<div class=\"elementor-heading-title elementor-size-default\">27 A\u00f1os como entrenador de Baloncesto en el Club Baloncesto Marchena en todas las categorias, Seleccionador\nProvincial Y Comarcal. <br \/>Plata selecci\u00f3n sevillana, <br \/>Ascenso a 1\u00ba provincial, 1\u00ba Nacional y como ayudante ascenso a 2\u00ba\nFEB.<\/div>\t\t\t\t<\/div>\n\t\t\t\t<div class=\"elementor-element elementor-element-3a0e4d8 elementor-align-center elementor-widget__width-initial pm-btn-votar elementor-widget elementor-widget-button\" data-id=\"3a0e4d8\" data-element_type=\"widget\" data-e-type=\"widget\" data-categoria=\"Mejor entrenador\/a\" data-candidato=\"DANIEL MELGAREJO\" data-widget_type=\"button.default\">\n\t\t\t\t\t\t\t\t\t\t<a class=\"elementor-button elementor-size-sm\" role=\"button\">\n\t\t\t\t\t\t<span class=\"elementor-button-content-wrapper\">\n\t\t\t\t\t\t\t\t\t<span class=\"elementor-button-text\">VOTAR ESTA OPCI\u00d3N<\/span>\n\t\t\t\t\t<\/span>\n\t\t\t\t\t<\/a>\n\t\t\t\t\t\t\t\t<\/div>\n\t\t\t\t<\/div>\n\t\t<div class=\"elementor-element elementor-element-fe52cd1 e-con-full e-flex e-con e-child\" data-id=\"fe52cd1\" data-element_type=\"container\" data-e-type=\"container\">\n\t\t\t\t<div class=\"elementor-element elementor-element-2d4683e elementor-widget elementor-widget-image\" data-id=\"2d4683e\" data-element_type=\"widget\" data-e-type=\"widget\" data-widget_type=\"image.default\">\n\t\t\t\t\t\t\t\t\t\t\t\t\t\t\t<img loading=\"lazy\" decoding=\"async\" width=\"369\" height=\"277\" src=\"https:\/\/galadeportemarchena.es\/wp-content\/uploads\/2026\/03\/jesus-borrego_03.jpg\" class=\"attachment-full size-full wp-image-180\" alt=\"jesus-borrego\" srcset=\"https:\/\/galadeportemarchena.es\/wp-content\/uploads\/2026\/03\/jesus-borrego_03.jpg 369w, https:\/\/galadeportemarchena.es\/wp-content\/uploads\/2026\/03\/jesus-borrego_03-300x225.jpg 300w\" sizes=\"(max-width: 369px) 100vw, 369px\" \/>\t\t\t\t\t\t\t\t\t\t\t\t\t\t\t<\/div>\n\t\t\t\t<div class=\"elementor-element elementor-element-8550649 elementor-widget elementor-widget-heading\" data-id=\"8550649\" data-element_type=\"widget\" data-e-type=\"widget\" data-widget_type=\"heading.default\">\n\t\t\t\t\t<h4 class=\"elementor-heading-title elementor-size-default\">JESUS BORREGO<\/h4>\t\t\t\t<\/div>\n\t\t\t\t<div class=\"elementor-element elementor-element-2fa7c76 elementor-widget elementor-widget-heading\" data-id=\"2fa7c76\" data-element_type=\"widget\" data-e-type=\"widget\" data-widget_type=\"heading.default\">\n\t\t\t\t\t<div class=\"elementor-heading-title elementor-size-default\">Con 42 a\u00f1os y m\u00e1s de 20 a\u00f1os de experiencia a sus espaldas a trav\u00e9s de todas las categor\u00edas de f\u00fatbol desde\nPrebenjamin hasta Senior. <br \/>Su logros m\u00e1s destacadaos son los ascensos conseguidos con el Club Atalaya Martia y con\nel Senior del Marchena Balompi\u00e9<\/div>\t\t\t\t<\/div>\n\t\t\t\t<div class=\"elementor-element elementor-element-b625c48 elementor-align-center elementor-widget__width-initial pm-btn-votar elementor-widget elementor-widget-button\" data-id=\"b625c48\" data-element_type=\"widget\" data-e-type=\"widget\" data-categoria=\"Mejor entrenador\/a\" data-candidato=\"JES\u00daS BORREGO\" data-widget_type=\"button.default\">\n\t\t\t\t\t\t\t\t\t\t<a class=\"elementor-button elementor-size-sm\" role=\"button\">\n\t\t\t\t\t\t<span class=\"elementor-button-content-wrapper\">\n\t\t\t\t\t\t\t\t\t<span class=\"elementor-button-text\">VOTAR ESTA OPCI\u00d3N<\/span>\n\t\t\t\t\t<\/span>\n\t\t\t\t\t<\/a>\n\t\t\t\t\t\t\t\t<\/div>\n\t\t\t\t<\/div>\n\t\t<div class=\"elementor-element elementor-element-77c4fbb e-con-full e-flex e-con e-child\" data-id=\"77c4fbb\" data-element_type=\"container\" data-e-type=\"container\">\n\t\t\t\t<div class=\"elementor-element elementor-element-96d3c2d elementor-widget elementor-widget-image\" data-id=\"96d3c2d\" data-element_type=\"widget\" data-e-type=\"widget\" data-widget_type=\"image.default\">\n\t\t\t\t\t\t\t\t\t\t\t\t\t\t\t<img loading=\"lazy\" decoding=\"async\" width=\"369\" height=\"277\" src=\"https:\/\/galadeportemarchena.es\/wp-content\/uploads\/2026\/03\/paula_03.jpg\" class=\"attachment-full size-full wp-image-181\" alt=\"\" srcset=\"https:\/\/galadeportemarchena.es\/wp-content\/uploads\/2026\/03\/paula_03.jpg 369w, https:\/\/galadeportemarchena.es\/wp-content\/uploads\/2026\/03\/paula_03-300x225.jpg 300w\" sizes=\"(max-width: 369px) 100vw, 369px\" \/>\t\t\t\t\t\t\t\t\t\t\t\t\t\t\t<\/div>\n\t\t\t\t<div class=\"elementor-element elementor-element-ccdc776 elementor-widget elementor-widget-heading\" data-id=\"ccdc776\" data-element_type=\"widget\" data-e-type=\"widget\" data-widget_type=\"heading.default\">\n\t\t\t\t\t<h4 class=\"elementor-heading-title elementor-size-default\">PAULA HIERRO<\/h4>\t\t\t\t<\/div>\n\t\t\t\t<div class=\"elementor-element elementor-element-cab1530 elementor-widget elementor-widget-heading\" data-id=\"cab1530\" data-element_type=\"widget\" data-e-type=\"widget\" data-widget_type=\"heading.default\">\n\t\t\t\t\t<div class=\"elementor-heading-title elementor-size-default\">Su trabajo se dirige principalmente a la formaci\u00f3n de deportistas femeninas\ndentro de la Escuela de F\u00fatbol Base. Sus mejores logroa alcanzados ha sido en el Torneo del D\u00eda de la Provincia en el\nEstadio Olimpico de la Cartuja, llegando a estar entre los 3 primeros clasificadosen varias ocasiones<\/div>\t\t\t\t<\/div>\n\t\t\t\t<div class=\"elementor-element elementor-element-653e38e elementor-align-center elementor-widget__width-initial pm-btn-votar elementor-widget elementor-widget-button\" data-id=\"653e38e\" data-element_type=\"widget\" data-e-type=\"widget\" data-categoria=\"Mejor entrenador\/a\" data-candidato=\"PAULA HIERRO\" data-widget_type=\"button.default\">\n\t\t\t\t\t\t\t\t\t\t<a class=\"elementor-button elementor-size-sm\" role=\"button\">\n\t\t\t\t\t\t<span class=\"elementor-button-content-wrapper\">\n\t\t\t\t\t\t\t\t\t<span class=\"elementor-button-text\">VOTAR ESTA OPCI\u00d3N<\/span>\n\t\t\t\t\t<\/span>\n\t\t\t\t\t<\/a>\n\t\t\t\t\t\t\t\t<\/div>\n\t\t\t\t<\/div>\n\t\t\t\t\t<\/div>\n\t\t\t\t<\/div>\n\t\t<div class=\"elementor-element elementor-element-e7f4f5a e-flex e-con-boxed e-con e-parent\" data-id=\"e7f4f5a\" data-element_type=\"container\" data-e-type=\"container\">\n\t\t\t\t\t<div class=\"e-con-inner\">\n\t\t\t\t<div class=\"elementor-element elementor-element-4e7ecd5 elementor-widget elementor-widget-heading\" data-id=\"4e7ecd5\" data-element_type=\"widget\" data-e-type=\"widget\" data-widget_type=\"heading.default\">\n\t\t\t\t\t<h2 class=\"elementor-heading-title elementor-size-default\">Premio honor\u00edfico<\/h2>\t\t\t\t<\/div>\n\t\t\t\t<div class=\"elementor-element elementor-element-ae1dd6a elementor-widget elementor-widget-heading\" data-id=\"ae1dd6a\" data-element_type=\"widget\" data-e-type=\"widget\" data-widget_type=\"heading.default\">\n\t\t\t\t\t<div class=\"elementor-heading-title elementor-size-default\">Se otorga a la persona o entidad de Marchena cuya trayectoria o contribuci\u00f3n haya sido especialmente relevante para el desarrollo y promoci\u00f3n del deporte local.\n<\/div>\t\t\t\t<\/div>\n\t\t\t\t<div class=\"elementor-element elementor-element-2101f2b elementor-widget-divider--view-line elementor-widget elementor-widget-divider\" data-id=\"2101f2b\" data-element_type=\"widget\" data-e-type=\"widget\" data-widget_type=\"divider.default\">\n\t\t\t\t\t\t\t<div class=\"elementor-divider\">\n\t\t\t<span class=\"elementor-divider-separator\">\n\t\t\t\t\t\t<\/span>\n\t\t<\/div>\n\t\t\t\t\t\t<\/div>\n\t\t\t\t\t<\/div>\n\t\t\t\t<\/div>\n\t\t<div class=\"elementor-element elementor-element-70bac0d e-flex e-con-boxed e-con e-parent\" data-id=\"70bac0d\" data-element_type=\"container\" data-e-type=\"container\">\n\t\t\t\t\t<div class=\"e-con-inner\">\n\t\t<div class=\"elementor-element elementor-element-c06736c e-con-full e-flex e-con e-child\" data-id=\"c06736c\" data-element_type=\"container\" data-e-type=\"container\">\n\t\t\t\t<div class=\"elementor-element elementor-element-ad017e4 elementor-widget elementor-widget-image\" data-id=\"ad017e4\" data-element_type=\"widget\" data-e-type=\"widget\" data-widget_type=\"image.default\">\n\t\t\t\t\t\t\t\t\t\t\t\t\t\t\t<img loading=\"lazy\" decoding=\"async\" width=\"369\" height=\"277\" src=\"https:\/\/galadeportemarchena.es\/wp-content\/uploads\/2026\/03\/carmona_03.jpg\" class=\"attachment-full size-full wp-image-182\" alt=\"carmona\" srcset=\"https:\/\/galadeportemarchena.es\/wp-content\/uploads\/2026\/03\/carmona_03.jpg 369w, https:\/\/galadeportemarchena.es\/wp-content\/uploads\/2026\/03\/carmona_03-300x225.jpg 300w\" sizes=\"(max-width: 369px) 100vw, 369px\" \/>\t\t\t\t\t\t\t\t\t\t\t\t\t\t\t<\/div>\n\t\t\t\t<div class=\"elementor-element elementor-element-aa1d0b8 elementor-widget elementor-widget-heading\" data-id=\"aa1d0b8\" data-element_type=\"widget\" data-e-type=\"widget\" data-widget_type=\"heading.default\">\n\t\t\t\t\t<h4 class=\"elementor-heading-title elementor-size-default\">MANUEL CARMONA HIERRO<\/h4>\t\t\t\t<\/div>\n\t\t\t\t<div class=\"elementor-element elementor-element-7a4a641 elementor-widget elementor-widget-heading\" data-id=\"7a4a641\" data-element_type=\"widget\" data-e-type=\"widget\" data-widget_type=\"heading.default\">\n\t\t\t\t\t<div class=\"elementor-heading-title elementor-size-default\">Comenzo jugando en el Marchena Balompie, pasando despues a\nformar parte del Colegio de asrbitros de Marchena, llegando a pitar en Division de Honor y como asistente en 2\u00aaB. En\nla actualidad lleva 12 a\u00f1os formando parte de la Directiva del Marchena Balompie.\n<\/div>\t\t\t\t<\/div>\n\t\t\t\t<div class=\"elementor-element elementor-element-b81c3ad elementor-align-center elementor-widget__width-initial pm-btn-votar elementor-widget elementor-widget-button\" data-id=\"b81c3ad\" data-element_type=\"widget\" data-e-type=\"widget\" data-categoria=\"Premio honor\u00edfico\" data-candidato=\"MANUEL CARMONA HIERRO\" data-widget_type=\"button.default\">\n\t\t\t\t\t\t\t\t\t\t<a class=\"elementor-button elementor-size-sm\" role=\"button\">\n\t\t\t\t\t\t<span class=\"elementor-button-content-wrapper\">\n\t\t\t\t\t\t\t\t\t<span class=\"elementor-button-text\">VOTAR ESTA OPCI\u00d3N<\/span>\n\t\t\t\t\t<\/span>\n\t\t\t\t\t<\/a>\n\t\t\t\t\t\t\t\t<\/div>\n\t\t\t\t<\/div>\n\t\t<div class=\"elementor-element elementor-element-44c2fc9 e-con-full e-flex e-con e-child\" data-id=\"44c2fc9\" data-element_type=\"container\" data-e-type=\"container\">\n\t\t\t\t<div class=\"elementor-element elementor-element-dad80a8 elementor-widget elementor-widget-image\" data-id=\"dad80a8\" data-element_type=\"widget\" data-e-type=\"widget\" data-widget_type=\"image.default\">\n\t\t\t\t\t\t\t\t\t\t\t\t\t\t\t<img loading=\"lazy\" decoding=\"async\" width=\"369\" height=\"277\" src=\"https:\/\/galadeportemarchena.es\/wp-content\/uploads\/2026\/03\/rafael_03.jpg\" class=\"attachment-full size-full wp-image-183\" alt=\"rafael\" srcset=\"https:\/\/galadeportemarchena.es\/wp-content\/uploads\/2026\/03\/rafael_03.jpg 369w, https:\/\/galadeportemarchena.es\/wp-content\/uploads\/2026\/03\/rafael_03-300x225.jpg 300w\" sizes=\"(max-width: 369px) 100vw, 369px\" \/>\t\t\t\t\t\t\t\t\t\t\t\t\t\t\t<\/div>\n\t\t\t\t<div class=\"elementor-element elementor-element-7fcdc1b elementor-widget elementor-widget-heading\" data-id=\"7fcdc1b\" data-element_type=\"widget\" data-e-type=\"widget\" data-widget_type=\"heading.default\">\n\t\t\t\t\t<h4 class=\"elementor-heading-title elementor-size-default\">RAFAEL LOPEZ ORDO\u00d1EZ<\/h4>\t\t\t\t<\/div>\n\t\t\t\t<div class=\"elementor-element elementor-element-76348eb elementor-widget elementor-widget-heading\" data-id=\"76348eb\" data-element_type=\"widget\" data-e-type=\"widget\" data-widget_type=\"heading.default\">\n\t\t\t\t\t<div class=\"elementor-heading-title elementor-size-default\">Paratriatleta. \u00danico deportista en silla de ruedas con 10 ironman finalizados. Cuanta en su haber con numerosos titulos\nCampeon del Mundo de Duatlon y Campeon de Europa de Ironman\n<\/div>\t\t\t\t<\/div>\n\t\t\t\t<div class=\"elementor-element elementor-element-f8a9d8b elementor-align-center elementor-widget__width-initial pm-btn-votar elementor-widget elementor-widget-button\" data-id=\"f8a9d8b\" data-element_type=\"widget\" data-e-type=\"widget\" data-categoria=\"Premio honor\u00edfico\" data-candidato=\"RAFAEL LOPEZ ORDO\u00d1EZ\" data-widget_type=\"button.default\">\n\t\t\t\t\t\t\t\t\t\t<a class=\"elementor-button elementor-size-sm\" role=\"button\">\n\t\t\t\t\t\t<span class=\"elementor-button-content-wrapper\">\n\t\t\t\t\t\t\t\t\t<span class=\"elementor-button-text\">VOTAR ESTA OPCI\u00d3N<\/span>\n\t\t\t\t\t<\/span>\n\t\t\t\t\t<\/a>\n\t\t\t\t\t\t\t\t<\/div>\n\t\t\t\t<\/div>\n\t\t<div class=\"elementor-element elementor-element-8285fe4 e-con-full e-flex e-con e-child\" data-id=\"8285fe4\" data-element_type=\"container\" data-e-type=\"container\">\n\t\t\t\t<div class=\"elementor-element elementor-element-28d599a elementor-widget elementor-widget-image\" data-id=\"28d599a\" data-element_type=\"widget\" data-e-type=\"widget\" data-widget_type=\"image.default\">\n\t\t\t\t\t\t\t\t\t\t\t\t\t\t\t<img loading=\"lazy\" decoding=\"async\" width=\"369\" height=\"277\" src=\"https:\/\/galadeportemarchena.es\/wp-content\/uploads\/2026\/03\/josemaria_03.jpg\" class=\"attachment-full size-full wp-image-184\" alt=\"josemaria\" srcset=\"https:\/\/galadeportemarchena.es\/wp-content\/uploads\/2026\/03\/josemaria_03.jpg 369w, https:\/\/galadeportemarchena.es\/wp-content\/uploads\/2026\/03\/josemaria_03-300x225.jpg 300w\" sizes=\"(max-width: 369px) 100vw, 369px\" \/>\t\t\t\t\t\t\t\t\t\t\t\t\t\t\t<\/div>\n\t\t\t\t<div class=\"elementor-element elementor-element-fb5d8a9 elementor-widget elementor-widget-heading\" data-id=\"fb5d8a9\" data-element_type=\"widget\" data-e-type=\"widget\" data-widget_type=\"heading.default\">\n\t\t\t\t\t<h4 class=\"elementor-heading-title elementor-size-default\">JOSE MARIA LOPEZ ESTEPA<\/h4>\t\t\t\t<\/div>\n\t\t\t\t<div class=\"elementor-element elementor-element-be28bb8 elementor-widget elementor-widget-heading\" data-id=\"be28bb8\" data-element_type=\"widget\" data-e-type=\"widget\" data-widget_type=\"heading.default\">\n\t\t\t\t\t<div class=\"elementor-heading-title elementor-size-default\">Juez de l\u00ednea Nacional y \u00c1rbitro de !\u00aa Andaluza durante 11 Temporadas. 13 Temporadas Presidente del Marchena\nBalompie. Entrenador de la cantera dl Marchena Balompie<\/div>\t\t\t\t<\/div>\n\t\t\t\t<div class=\"elementor-element elementor-element-210b660 elementor-align-center elementor-widget__width-initial pm-btn-votar elementor-widget elementor-widget-button\" data-id=\"210b660\" data-element_type=\"widget\" data-e-type=\"widget\" data-categoria=\"Premio honor\u00edfico\" data-candidato=\"JOSE MARIA LOPEZ ESTEPA\" data-widget_type=\"button.default\">\n\t\t\t\t\t\t\t\t\t\t<a class=\"elementor-button elementor-size-sm\" role=\"button\">\n\t\t\t\t\t\t<span class=\"elementor-button-content-wrapper\">\n\t\t\t\t\t\t\t\t\t<span class=\"elementor-button-text\">VOTAR ESTA OPCI\u00d3N<\/span>\n\t\t\t\t\t<\/span>\n\t\t\t\t\t<\/a>\n\t\t\t\t\t\t\t\t<\/div>\n\t\t\t\t<\/div>\n\t\t\t\t\t<\/div>\n\t\t\t\t<\/div>\n\t\t<div class=\"elementor-element elementor-element-ff5335e e-flex e-con-boxed e-con e-parent\" data-id=\"ff5335e\" data-element_type=\"container\" data-e-type=\"container\">\n\t\t\t\t\t<div class=\"e-con-inner\">\n\t\t\t\t<div class=\"elementor-element elementor-element-c380c87 elementor-widget elementor-widget-heading\" data-id=\"c380c87\" data-element_type=\"widget\" data-e-type=\"widget\" data-widget_type=\"heading.default\">\n\t\t\t\t\t<h2 class=\"elementor-heading-title elementor-size-default\">Colectivo m\u00e1s colaborador con el deporte local<\/h2>\t\t\t\t<\/div>\n\t\t\t\t<div class=\"elementor-element elementor-element-baec1e0 elementor-widget elementor-widget-heading\" data-id=\"baec1e0\" data-element_type=\"widget\" data-e-type=\"widget\" data-widget_type=\"heading.default\">\n\t\t\t\t\t<div class=\"elementor-heading-title elementor-size-default\">Destaca al colectivo de Marchena que haya mostrado una especial implicaci\u00f3n, apoyo y colaboraci\u00f3n en el impulso del deporte en el municipio.<\/div>\t\t\t\t<\/div>\n\t\t\t\t<div class=\"elementor-element elementor-element-384ba07 elementor-widget-divider--view-line elementor-widget elementor-widget-divider\" data-id=\"384ba07\" data-element_type=\"widget\" data-e-type=\"widget\" data-widget_type=\"divider.default\">\n\t\t\t\t\t\t\t<div class=\"elementor-divider\">\n\t\t\t<span class=\"elementor-divider-separator\">\n\t\t\t\t\t\t<\/span>\n\t\t<\/div>\n\t\t\t\t\t\t<\/div>\n\t\t\t\t\t<\/div>\n\t\t\t\t<\/div>\n\t\t<div class=\"elementor-element elementor-element-f15e27e e-flex e-con-boxed e-con e-parent\" data-id=\"f15e27e\" data-element_type=\"container\" data-e-type=\"container\">\n\t\t\t\t\t<div class=\"e-con-inner\">\n\t\t<div class=\"elementor-element elementor-element-cda4320 e-con-full e-flex e-con e-child\" data-id=\"cda4320\" data-element_type=\"container\" data-e-type=\"container\">\n\t\t\t\t<div class=\"elementor-element elementor-element-6cd50d1 elementor-widget elementor-widget-image\" data-id=\"6cd50d1\" data-element_type=\"widget\" data-e-type=\"widget\" data-widget_type=\"image.default\">\n\t\t\t\t\t\t\t\t\t\t\t\t\t\t\t<img loading=\"lazy\" decoding=\"async\" width=\"369\" height=\"277\" src=\"https:\/\/galadeportemarchena.es\/wp-content\/uploads\/2026\/04\/ATLETISMO.png\" class=\"attachment-full size-full wp-image-307\" alt=\"\" srcset=\"https:\/\/galadeportemarchena.es\/wp-content\/uploads\/2026\/04\/ATLETISMO.png 369w, https:\/\/galadeportemarchena.es\/wp-content\/uploads\/2026\/04\/ATLETISMO-300x225.png 300w\" sizes=\"(max-width: 369px) 100vw, 369px\" \/>\t\t\t\t\t\t\t\t\t\t\t\t\t\t\t<\/div>\n\t\t\t\t<div class=\"elementor-element elementor-element-9802c0c elementor-widget elementor-widget-heading\" data-id=\"9802c0c\" data-element_type=\"widget\" data-e-type=\"widget\" data-widget_type=\"heading.default\">\n\t\t\t\t\t<h4 class=\"elementor-heading-title elementor-size-default\">CLUB MARATON MARCHENA<\/h4>\t\t\t\t<\/div>\n\t\t\t\t<div class=\"elementor-element elementor-element-2333e7f elementor-align-center elementor-widget__width-initial pm-btn-votar elementor-widget elementor-widget-button\" data-id=\"2333e7f\" data-element_type=\"widget\" data-e-type=\"widget\" data-categoria=\"Colectivo m\u00e1s colaborador con el deporte local\" data-candidato=\"CLUB MARATON MARCHENA\" data-widget_type=\"button.default\">\n\t\t\t\t\t\t\t\t\t\t<a class=\"elementor-button elementor-size-sm\" role=\"button\">\n\t\t\t\t\t\t<span class=\"elementor-button-content-wrapper\">\n\t\t\t\t\t\t\t\t\t<span class=\"elementor-button-text\">VOTAR ESTA OPCI\u00d3N<\/span>\n\t\t\t\t\t<\/span>\n\t\t\t\t\t<\/a>\n\t\t\t\t\t\t\t\t<\/div>\n\t\t\t\t<\/div>\n\t\t<div class=\"elementor-element elementor-element-4e72d3b e-con-full e-flex e-con e-child\" data-id=\"4e72d3b\" data-element_type=\"container\" data-e-type=\"container\">\n\t\t\t\t<div class=\"elementor-element elementor-element-9ed97e4 elementor-widget elementor-widget-image\" data-id=\"9ed97e4\" data-element_type=\"widget\" data-e-type=\"widget\" data-widget_type=\"image.default\">\n\t\t\t\t\t\t\t\t\t\t\t\t\t\t\t<img loading=\"lazy\" decoding=\"async\" width=\"369\" height=\"277\" src=\"https:\/\/galadeportemarchena.es\/wp-content\/uploads\/2026\/03\/ciclismo_03.jpg\" class=\"attachment-full size-full wp-image-177\" alt=\"\" srcset=\"https:\/\/galadeportemarchena.es\/wp-content\/uploads\/2026\/03\/ciclismo_03.jpg 369w, https:\/\/galadeportemarchena.es\/wp-content\/uploads\/2026\/03\/ciclismo_03-300x225.jpg 300w\" sizes=\"(max-width: 369px) 100vw, 369px\" \/>\t\t\t\t\t\t\t\t\t\t\t\t\t\t\t<\/div>\n\t\t\t\t<div class=\"elementor-element elementor-element-c61200e elementor-widget elementor-widget-heading\" data-id=\"c61200e\" data-element_type=\"widget\" data-e-type=\"widget\" data-widget_type=\"heading.default\">\n\t\t\t\t\t<h4 class=\"elementor-heading-title elementor-size-default\">CLUB MONTA\u00d1A 8,30<\/h4>\t\t\t\t<\/div>\n\t\t\t\t<div class=\"elementor-element elementor-element-e74d2a8 elementor-align-center elementor-widget__width-initial pm-btn-votar elementor-widget elementor-widget-button\" data-id=\"e74d2a8\" data-element_type=\"widget\" data-e-type=\"widget\" data-categoria=\"Colectivo m\u00e1s colaborador con el deporte local\" data-candidato=\"CLUB MONTA\u00d1A 8,30\" data-widget_type=\"button.default\">\n\t\t\t\t\t\t\t\t\t\t<a class=\"elementor-button elementor-size-sm\" role=\"button\">\n\t\t\t\t\t\t<span class=\"elementor-button-content-wrapper\">\n\t\t\t\t\t\t\t\t\t<span class=\"elementor-button-text\">VOTAR ESTA OPCI\u00d3N<\/span>\n\t\t\t\t\t<\/span>\n\t\t\t\t\t<\/a>\n\t\t\t\t\t\t\t\t<\/div>\n\t\t\t\t<\/div>\n\t\t<div class=\"elementor-element elementor-element-b1bea8f e-con-full e-flex e-con e-child\" data-id=\"b1bea8f\" data-element_type=\"container\" data-e-type=\"container\">\n\t\t\t\t<div class=\"elementor-element elementor-element-52568eb elementor-widget elementor-widget-image\" data-id=\"52568eb\" data-element_type=\"widget\" data-e-type=\"widget\" data-widget_type=\"image.default\">\n\t\t\t\t\t\t\t\t\t\t\t\t\t\t\t<img loading=\"lazy\" decoding=\"async\" width=\"369\" height=\"277\" src=\"https:\/\/galadeportemarchena.es\/wp-content\/uploads\/2026\/03\/marchena_03.jpg\" class=\"attachment-full size-full wp-image-186\" alt=\"marchena\" srcset=\"https:\/\/galadeportemarchena.es\/wp-content\/uploads\/2026\/03\/marchena_03.jpg 369w, https:\/\/galadeportemarchena.es\/wp-content\/uploads\/2026\/03\/marchena_03-300x225.jpg 300w\" sizes=\"(max-width: 369px) 100vw, 369px\" \/>\t\t\t\t\t\t\t\t\t\t\t\t\t\t\t<\/div>\n\t\t\t\t<div class=\"elementor-element elementor-element-1365d26 elementor-widget elementor-widget-heading\" data-id=\"1365d26\" data-element_type=\"widget\" data-e-type=\"widget\" data-widget_type=\"heading.default\">\n\t\t\t\t\t<h4 class=\"elementor-heading-title elementor-size-default\">MARCHENA BALOMPIE<\/h4>\t\t\t\t<\/div>\n\t\t\t\t<div class=\"elementor-element elementor-element-07500d4 elementor-align-center elementor-widget__width-initial pm-btn-votar elementor-widget elementor-widget-button\" data-id=\"07500d4\" data-element_type=\"widget\" data-e-type=\"widget\" data-categoria=\"Colectivo m\u00e1s colaborador con el deporte local\" data-candidato=\"MARCHENA BALOMPIE\" data-widget_type=\"button.default\">\n\t\t\t\t\t\t\t\t\t\t<a class=\"elementor-button elementor-size-sm\" role=\"button\">\n\t\t\t\t\t\t<span class=\"elementor-button-content-wrapper\">\n\t\t\t\t\t\t\t\t\t<span class=\"elementor-button-text\">VOTAR ESTA OPCI\u00d3N<\/span>\n\t\t\t\t\t<\/span>\n\t\t\t\t\t<\/a>\n\t\t\t\t\t\t\t\t<\/div>\n\t\t\t\t<\/div>\n\t\t\t\t\t<\/div>\n\t\t\t\t<\/div>\n\t\t<div class=\"elementor-element elementor-element-a42246a e-flex e-con-boxed e-con e-parent\" data-id=\"a42246a\" data-element_type=\"container\" data-e-type=\"container\">\n\t\t\t\t\t<div class=\"e-con-inner\">\n\t\t\t\t<div class=\"elementor-element elementor-element-b9093ea elementor-widget elementor-widget-heading\" data-id=\"b9093ea\" data-element_type=\"widget\" data-e-type=\"widget\" data-widget_type=\"heading.default\">\n\t\t\t\t\t<h2 class=\"elementor-heading-title elementor-size-default\">Premio a los Valores Deportivos <br \/>(juego limpio, esfuerzo, compa\u00f1erismo, inclusi\u00f3n)<\/h2>\t\t\t\t<\/div>\n\t\t\t\t<div class=\"elementor-element elementor-element-09e01df elementor-widget elementor-widget-heading\" data-id=\"09e01df\" data-element_type=\"widget\" data-e-type=\"widget\" data-widget_type=\"heading.default\">\n\t\t\t\t\t<div class=\"elementor-heading-title elementor-size-default\">Pone en valor a la persona, equipo o entidad de Marchena que haya representado y promovido los valores fundamentales del deporte.<\/div>\t\t\t\t<\/div>\n\t\t\t\t<div class=\"elementor-element elementor-element-423dafd elementor-widget-divider--view-line elementor-widget elementor-widget-divider\" data-id=\"423dafd\" data-element_type=\"widget\" data-e-type=\"widget\" data-widget_type=\"divider.default\">\n\t\t\t\t\t\t\t<div class=\"elementor-divider\">\n\t\t\t<span class=\"elementor-divider-separator\">\n\t\t\t\t\t\t<\/span>\n\t\t<\/div>\n\t\t\t\t\t\t<\/div>\n\t\t\t\t\t<\/div>\n\t\t\t\t<\/div>\n\t\t<div class=\"elementor-element elementor-element-f87c798 e-flex e-con-boxed e-con e-parent\" data-id=\"f87c798\" data-element_type=\"container\" data-e-type=\"container\">\n\t\t\t\t\t<div class=\"e-con-inner\">\n\t\t<div class=\"elementor-element elementor-element-f4ed02d e-con-full e-flex e-con e-child\" data-id=\"f4ed02d\" data-element_type=\"container\" data-e-type=\"container\">\n\t\t\t\t<div class=\"elementor-element elementor-element-d3739c2 elementor-widget elementor-widget-image\" data-id=\"d3739c2\" data-element_type=\"widget\" data-e-type=\"widget\" data-widget_type=\"image.default\">\n\t\t\t\t\t\t\t\t\t\t\t\t\t\t\t<img loading=\"lazy\" decoding=\"async\" width=\"369\" height=\"277\" src=\"https:\/\/galadeportemarchena.es\/wp-content\/uploads\/2026\/03\/juanluna_03.jpg\" class=\"attachment-full size-full wp-image-192\" alt=\"\" srcset=\"https:\/\/galadeportemarchena.es\/wp-content\/uploads\/2026\/03\/juanluna_03.jpg 369w, https:\/\/galadeportemarchena.es\/wp-content\/uploads\/2026\/03\/juanluna_03-300x225.jpg 300w\" sizes=\"(max-width: 369px) 100vw, 369px\" \/>\t\t\t\t\t\t\t\t\t\t\t\t\t\t\t<\/div>\n\t\t\t\t<div class=\"elementor-element elementor-element-e8d7564 elementor-widget elementor-widget-heading\" data-id=\"e8d7564\" data-element_type=\"widget\" data-e-type=\"widget\" data-widget_type=\"heading.default\">\n\t\t\t\t\t<h4 class=\"elementor-heading-title elementor-size-default\">JUAN LUNA GARCIA<\/h4>\t\t\t\t<\/div>\n\t\t\t\t<div class=\"elementor-element elementor-element-6ea32e8 elementor-widget elementor-widget-heading\" data-id=\"6ea32e8\" data-element_type=\"widget\" data-e-type=\"widget\" data-widget_type=\"heading.default\">\n\t\t\t\t\t<div class=\"elementor-heading-title elementor-size-default\">Vinculado al mundo del Balonmano desde joven, donde se inicio primeramente como jugador del Balonmano Martia y\npsoteriormente y hasta la actualidad formando parte de la Junta Directiva del Club y de del staff t\u00e9cnico<\/div>\t\t\t\t<\/div>\n\t\t\t\t<div class=\"elementor-element elementor-element-a986a80 elementor-align-center elementor-widget__width-initial pm-btn-votar elementor-widget elementor-widget-button\" data-id=\"a986a80\" data-element_type=\"widget\" data-e-type=\"widget\" data-categoria=\"Premio a los Valores Deportivos\" data-candidato=\"JUAN LUNA GARCIA\" data-widget_type=\"button.default\">\n\t\t\t\t\t\t\t\t\t\t<a class=\"elementor-button elementor-size-sm\" role=\"button\">\n\t\t\t\t\t\t<span class=\"elementor-button-content-wrapper\">\n\t\t\t\t\t\t\t\t\t<span class=\"elementor-button-text\">VOTAR ESTA OPCI\u00d3N<\/span>\n\t\t\t\t\t<\/span>\n\t\t\t\t\t<\/a>\n\t\t\t\t\t\t\t\t<\/div>\n\t\t\t\t<\/div>\n\t\t<div class=\"elementor-element elementor-element-92ec64f e-con-full e-flex e-con e-child\" data-id=\"92ec64f\" data-element_type=\"container\" data-e-type=\"container\">\n\t\t\t\t<div class=\"elementor-element elementor-element-33e6c2f elementor-widget elementor-widget-image\" data-id=\"33e6c2f\" data-element_type=\"widget\" data-e-type=\"widget\" data-widget_type=\"image.default\">\n\t\t\t\t\t\t\t\t\t\t\t\t\t\t\t<img loading=\"lazy\" decoding=\"async\" width=\"369\" height=\"277\" src=\"https:\/\/galadeportemarchena.es\/wp-content\/uploads\/2026\/03\/mariano_03.jpg\" class=\"attachment-full size-full wp-image-191\" alt=\"\" srcset=\"https:\/\/galadeportemarchena.es\/wp-content\/uploads\/2026\/03\/mariano_03.jpg 369w, https:\/\/galadeportemarchena.es\/wp-content\/uploads\/2026\/03\/mariano_03-300x225.jpg 300w\" sizes=\"(max-width: 369px) 100vw, 369px\" \/>\t\t\t\t\t\t\t\t\t\t\t\t\t\t\t<\/div>\n\t\t\t\t<div class=\"elementor-element elementor-element-c0dba2b elementor-widget elementor-widget-heading\" data-id=\"c0dba2b\" data-element_type=\"widget\" data-e-type=\"widget\" data-widget_type=\"heading.default\">\n\t\t\t\t\t<h4 class=\"elementor-heading-title elementor-size-default\">MARIANO RODR\u00cdGUEZ PEREA<\/h4>\t\t\t\t<\/div>\n\t\t\t\t<div class=\"elementor-element elementor-element-bdb8d20 elementor-widget elementor-widget-heading\" data-id=\"bdb8d20\" data-element_type=\"widget\" data-e-type=\"widget\" data-widget_type=\"heading.default\">\n\t\t\t\t\t<div class=\"elementor-heading-title elementor-size-default\">Con 83 a\u00f1os a trav\u00e9s del Deporte de la Petanca, es un referente de superaci\u00f3n compa\u00f1erismo buen juego y\ncompetitividad\n<\/div>\t\t\t\t<\/div>\n\t\t\t\t<div class=\"elementor-element elementor-element-6689c08 elementor-align-center elementor-widget__width-initial pm-btn-votar elementor-widget elementor-widget-button\" data-id=\"6689c08\" data-element_type=\"widget\" data-e-type=\"widget\" data-categoria=\"Premio a los Valores Deportivos\" data-candidato=\"MARIANO RODRIGUEZ PEREA\" data-widget_type=\"button.default\">\n\t\t\t\t\t\t\t\t\t\t<a class=\"elementor-button elementor-size-sm\" role=\"button\">\n\t\t\t\t\t\t<span class=\"elementor-button-content-wrapper\">\n\t\t\t\t\t\t\t\t\t<span class=\"elementor-button-text\">VOTAR ESTA OPCI\u00d3N<\/span>\n\t\t\t\t\t<\/span>\n\t\t\t\t\t<\/a>\n\t\t\t\t\t\t\t\t<\/div>\n\t\t\t\t<\/div>\n\t\t<div class=\"elementor-element elementor-element-89127c1 e-con-full e-flex e-con e-child\" data-id=\"89127c1\" data-element_type=\"container\" data-e-type=\"container\">\n\t\t\t\t<div class=\"elementor-element elementor-element-50f3971 elementor-widget elementor-widget-image\" data-id=\"50f3971\" data-element_type=\"widget\" data-e-type=\"widget\" data-widget_type=\"image.default\">\n\t\t\t\t\t\t\t\t\t\t\t\t\t\t\t<img loading=\"lazy\" decoding=\"async\" width=\"369\" height=\"277\" src=\"https:\/\/galadeportemarchena.es\/wp-content\/uploads\/2026\/03\/agustina_03.jpg\" class=\"attachment-full size-full wp-image-190\" alt=\"agustina\" srcset=\"https:\/\/galadeportemarchena.es\/wp-content\/uploads\/2026\/03\/agustina_03.jpg 369w, https:\/\/galadeportemarchena.es\/wp-content\/uploads\/2026\/03\/agustina_03-300x225.jpg 300w\" sizes=\"(max-width: 369px) 100vw, 369px\" \/>\t\t\t\t\t\t\t\t\t\t\t\t\t\t\t<\/div>\n\t\t\t\t<div class=\"elementor-element elementor-element-c99c280 elementor-widget elementor-widget-heading\" data-id=\"c99c280\" data-element_type=\"widget\" data-e-type=\"widget\" data-widget_type=\"heading.default\">\n\t\t\t\t\t<h4 class=\"elementor-heading-title elementor-size-default\">AGUSTINA GALAN HEREDIA<\/h4>\t\t\t\t<\/div>\n\t\t\t\t<div class=\"elementor-element elementor-element-376674d elementor-widget elementor-widget-heading\" data-id=\"376674d\" data-element_type=\"widget\" data-e-type=\"widget\" data-widget_type=\"heading.default\">\n\t\t\t\t\t<div class=\"elementor-heading-title elementor-size-default\">Su energ\u00eda es contagiosa:\nsiempre en movimiento, siempre sumando, siempre empujando para que las cosas sucedan. Es, sin duda, un\naut\u00e9ntico \u201cterremoto\u201d del deporte, capaz de mover monta\u00f1as con su implicaci\u00f3n y entusiasmo.<\/div>\t\t\t\t<\/div>\n\t\t\t\t<div class=\"elementor-element elementor-element-2d347b1 elementor-align-center elementor-widget__width-initial pm-btn-votar elementor-widget elementor-widget-button\" data-id=\"2d347b1\" data-element_type=\"widget\" data-e-type=\"widget\" data-categoria=\"Premio a los Valores Deportivos\" data-candidato=\"AGUSTINA GALAN HEREDIA\" data-widget_type=\"button.default\">\n\t\t\t\t\t\t\t\t\t\t<a class=\"elementor-button elementor-size-sm\" role=\"button\">\n\t\t\t\t\t\t<span class=\"elementor-button-content-wrapper\">\n\t\t\t\t\t\t\t\t\t<span class=\"elementor-button-text\">VOTAR ESTA OPCI\u00d3N<\/span>\n\t\t\t\t\t<\/span>\n\t\t\t\t\t<\/a>\n\t\t\t\t\t\t\t\t<\/div>\n\t\t\t\t<\/div>\n\t\t\t\t\t<\/div>\n\t\t\t\t<\/div>\n\t\t<div class=\"elementor-element elementor-element-b198f31 e-flex e-con-boxed e-con e-parent\" data-id=\"b198f31\" data-element_type=\"container\" data-e-type=\"container\">\n\t\t\t\t\t<div class=\"e-con-inner\">\n\t\t\t\t<div class=\"elementor-element elementor-element-8a4be95 elementor-widget elementor-widget-heading\" data-id=\"8a4be95\" data-element_type=\"widget\" data-e-type=\"widget\" data-widget_type=\"heading.default\">\n\t\t\t\t\t<h2 class=\"elementor-heading-title elementor-size-default\">Mejor evento deportivo<\/h2>\t\t\t\t<\/div>\n\t\t\t\t<div class=\"elementor-element elementor-element-9565847 elementor-widget elementor-widget-heading\" data-id=\"9565847\" data-element_type=\"widget\" data-e-type=\"widget\" data-widget_type=\"heading.default\">\n\t\t\t\t\t<div class=\"elementor-heading-title elementor-size-default\">Distingue al evento celebrado en Marchena que haya sobresalido por su organizaci\u00f3n, participaci\u00f3n, impacto o promoci\u00f3n del deporte.<\/div>\t\t\t\t<\/div>\n\t\t\t\t<div class=\"elementor-element elementor-element-cc6a989 elementor-widget-divider--view-line elementor-widget elementor-widget-divider\" data-id=\"cc6a989\" data-element_type=\"widget\" data-e-type=\"widget\" data-widget_type=\"divider.default\">\n\t\t\t\t\t\t\t<div class=\"elementor-divider\">\n\t\t\t<span class=\"elementor-divider-separator\">\n\t\t\t\t\t\t<\/span>\n\t\t<\/div>\n\t\t\t\t\t\t<\/div>\n\t\t\t\t\t<\/div>\n\t\t\t\t<\/div>\n\t\t<div class=\"elementor-element elementor-element-9e68bd0 e-flex e-con-boxed e-con e-parent\" data-id=\"9e68bd0\" data-element_type=\"container\" data-e-type=\"container\">\n\t\t\t\t\t<div class=\"e-con-inner\">\n\t\t<div class=\"elementor-element elementor-element-70877f7 e-con-full e-flex e-con e-child\" data-id=\"70877f7\" data-element_type=\"container\" data-e-type=\"container\">\n\t\t\t\t<div class=\"elementor-element elementor-element-3379293 elementor-widget elementor-widget-image\" data-id=\"3379293\" data-element_type=\"widget\" data-e-type=\"widget\" data-widget_type=\"image.default\">\n\t\t\t\t\t\t\t\t\t\t\t\t\t\t\t<img loading=\"lazy\" decoding=\"async\" width=\"369\" height=\"277\" src=\"https:\/\/galadeportemarchena.es\/wp-content\/uploads\/2026\/03\/media-maraton_03.jpg\" class=\"attachment-full size-full wp-image-193\" alt=\"media-maraton\" srcset=\"https:\/\/galadeportemarchena.es\/wp-content\/uploads\/2026\/03\/media-maraton_03.jpg 369w, https:\/\/galadeportemarchena.es\/wp-content\/uploads\/2026\/03\/media-maraton_03-300x225.jpg 300w\" sizes=\"(max-width: 369px) 100vw, 369px\" \/>\t\t\t\t\t\t\t\t\t\t\t\t\t\t\t<\/div>\n\t\t\t\t<div class=\"elementor-element elementor-element-49f256f elementor-widget elementor-widget-heading\" data-id=\"49f256f\" data-element_type=\"widget\" data-e-type=\"widget\" data-widget_type=\"heading.default\">\n\t\t\t\t\t<h4 class=\"elementor-heading-title elementor-size-default\">MEDIA MARATON MARCHENA-PARADAS<\/h4>\t\t\t\t<\/div>\n\t\t\t\t<div class=\"elementor-element elementor-element-31d60f8 elementor-widget elementor-widget-heading\" data-id=\"31d60f8\" data-element_type=\"widget\" data-e-type=\"widget\" data-widget_type=\"heading.default\">\n\t\t\t\t\t<div class=\"elementor-heading-title elementor-size-default\">26 ediciones realizadas de este evento que cuenta con la participacion de atletas de toda la geografia espa\u00f1ola. Su\nparticipaci\u00f3n ha rondado de 400-600 participantes\n<\/div>\t\t\t\t<\/div>\n\t\t\t\t<div class=\"elementor-element elementor-element-bb1c16d elementor-align-center elementor-widget__width-initial pm-btn-votar elementor-widget elementor-widget-button\" data-id=\"bb1c16d\" data-element_type=\"widget\" data-e-type=\"widget\" data-categoria=\"Mejor evento deportivo\" data-candidato=\"MEDIA MARATON\" data-widget_type=\"button.default\">\n\t\t\t\t\t\t\t\t\t\t<a class=\"elementor-button elementor-size-sm\" role=\"button\">\n\t\t\t\t\t\t<span class=\"elementor-button-content-wrapper\">\n\t\t\t\t\t\t\t\t\t<span class=\"elementor-button-text\">VOTAR ESTA OPCI\u00d3N<\/span>\n\t\t\t\t\t<\/span>\n\t\t\t\t\t<\/a>\n\t\t\t\t\t\t\t\t<\/div>\n\t\t\t\t<\/div>\n\t\t<div class=\"elementor-element elementor-element-de6eb44 e-con-full e-flex e-con e-child\" data-id=\"de6eb44\" data-element_type=\"container\" data-e-type=\"container\">\n\t\t\t\t<div class=\"elementor-element elementor-element-9b9ebbf elementor-widget elementor-widget-image\" data-id=\"9b9ebbf\" data-element_type=\"widget\" data-e-type=\"widget\" data-widget_type=\"image.default\">\n\t\t\t\t\t\t\t\t\t\t\t\t\t\t\t<img loading=\"lazy\" decoding=\"async\" width=\"369\" height=\"277\" src=\"https:\/\/galadeportemarchena.es\/wp-content\/uploads\/2026\/03\/maraton_03.jpg\" class=\"attachment-full size-full wp-image-185\" alt=\"maraton\" srcset=\"https:\/\/galadeportemarchena.es\/wp-content\/uploads\/2026\/03\/maraton_03.jpg 369w, https:\/\/galadeportemarchena.es\/wp-content\/uploads\/2026\/03\/maraton_03-300x225.jpg 300w\" sizes=\"(max-width: 369px) 100vw, 369px\" \/>\t\t\t\t\t\t\t\t\t\t\t\t\t\t\t<\/div>\n\t\t\t\t<div class=\"elementor-element elementor-element-0c2a2a6 elementor-widget elementor-widget-heading\" data-id=\"0c2a2a6\" data-element_type=\"widget\" data-e-type=\"widget\" data-widget_type=\"heading.default\">\n\t\t\t\t\t<h4 class=\"elementor-heading-title elementor-size-default\">MARATON F\u00daTBOL SALA<\/h4>\t\t\t\t<\/div>\n\t\t\t\t<div class=\"elementor-element elementor-element-106a253 elementor-widget elementor-widget-heading\" data-id=\"106a253\" data-element_type=\"widget\" data-e-type=\"widget\" data-widget_type=\"heading.default\">\n\t\t\t\t\t<div class=\"elementor-heading-title elementor-size-default\">2 ediciones celebradas del Torneo de F\u00fatbol Sala con participaci\u00f3n de equipos procedentes de la provincia\n<\/div>\t\t\t\t<\/div>\n\t\t\t\t<div class=\"elementor-element elementor-element-d85cd73 elementor-align-center elementor-widget__width-initial pm-btn-votar elementor-widget elementor-widget-button\" data-id=\"d85cd73\" data-element_type=\"widget\" data-e-type=\"widget\" data-categoria=\"Mejor evento deportivo\" data-candidato=\"MARATON FUTBOL SALA\" data-widget_type=\"button.default\">\n\t\t\t\t\t\t\t\t\t\t<a class=\"elementor-button elementor-size-sm\" role=\"button\">\n\t\t\t\t\t\t<span class=\"elementor-button-content-wrapper\">\n\t\t\t\t\t\t\t\t\t<span class=\"elementor-button-text\">VOTAR ESTA OPCI\u00d3N<\/span>\n\t\t\t\t\t<\/span>\n\t\t\t\t\t<\/a>\n\t\t\t\t\t\t\t\t<\/div>\n\t\t\t\t<\/div>\n\t\t<div class=\"elementor-element elementor-element-875ab1d e-con-full e-flex e-con e-child\" data-id=\"875ab1d\" data-element_type=\"container\" data-e-type=\"container\">\n\t\t\t\t<div class=\"elementor-element elementor-element-5ca8383 elementor-widget elementor-widget-image\" data-id=\"5ca8383\" data-element_type=\"widget\" data-e-type=\"widget\" data-widget_type=\"image.default\">\n\t\t\t\t\t\t\t\t\t\t\t\t\t\t\t<img loading=\"lazy\" decoding=\"async\" width=\"369\" height=\"277\" src=\"https:\/\/galadeportemarchena.es\/wp-content\/uploads\/2026\/03\/futbol7_03.jpg\" class=\"attachment-full size-full wp-image-194\" alt=\"futbol7\" srcset=\"https:\/\/galadeportemarchena.es\/wp-content\/uploads\/2026\/03\/futbol7_03.jpg 369w, https:\/\/galadeportemarchena.es\/wp-content\/uploads\/2026\/03\/futbol7_03-300x225.jpg 300w\" sizes=\"(max-width: 369px) 100vw, 369px\" \/>\t\t\t\t\t\t\t\t\t\t\t\t\t\t\t<\/div>\n\t\t\t\t<div class=\"elementor-element elementor-element-551c390 elementor-widget elementor-widget-heading\" data-id=\"551c390\" data-element_type=\"widget\" data-e-type=\"widget\" data-widget_type=\"heading.default\">\n\t\t\t\t\t<h4 class=\"elementor-heading-title elementor-size-default\">LIGA F\u00daTBOL 7 MARCHENA BALOMPIE<\/h4>\t\t\t\t<\/div>\n\t\t\t\t<div class=\"elementor-element elementor-element-9406571 elementor-widget elementor-widget-heading\" data-id=\"9406571\" data-element_type=\"widget\" data-e-type=\"widget\" data-widget_type=\"heading.default\">\n\t\t\t\t\t<div class=\"elementor-heading-title elementor-size-default\">1 edici\u00f3n de la Liga creada para la promoci\u00f3n de este Deporte en nuestra localidad en \u00e9poca estival<\/div>\t\t\t\t<\/div>\n\t\t\t\t<div class=\"elementor-element elementor-element-066531f elementor-align-center elementor-widget__width-initial pm-btn-votar elementor-widget elementor-widget-button\" data-id=\"066531f\" data-element_type=\"widget\" data-e-type=\"widget\" data-categoria=\"Mejor evento deportivo\" data-candidato=\"LIGA FUTBOL 7\" data-widget_type=\"button.default\">\n\t\t\t\t\t\t\t\t\t\t<a class=\"elementor-button elementor-size-sm\" role=\"button\">\n\t\t\t\t\t\t<span class=\"elementor-button-content-wrapper\">\n\t\t\t\t\t\t\t\t\t<span class=\"elementor-button-text\">VOTAR ESTA OPCI\u00d3N<\/span>\n\t\t\t\t\t<\/span>\n\t\t\t\t\t<\/a>\n\t\t\t\t\t\t\t\t<\/div>\n\t\t\t\t<\/div>\n\t\t\t\t\t<\/div>\n\t\t\t\t<\/div>\n\t\t<div class=\"elementor-element elementor-element-0289edc e-flex e-con-boxed e-con e-parent\" data-id=\"0289edc\" data-element_type=\"container\" data-e-type=\"container\">\n\t\t\t\t\t<div class=\"e-con-inner\">\n\t\t\t\t<div class=\"elementor-element elementor-element-55835ab elementor-widget elementor-widget-heading\" data-id=\"55835ab\" data-element_type=\"widget\" data-e-type=\"widget\" data-widget_type=\"heading.default\">\n\t\t\t\t\t<h2 class=\"elementor-heading-title elementor-size-default\">Empresa colaboradora con el deporte<\/h2>\t\t\t\t<\/div>\n\t\t\t\t<div class=\"elementor-element elementor-element-c4216ae elementor-widget elementor-widget-heading\" data-id=\"c4216ae\" data-element_type=\"widget\" data-e-type=\"widget\" data-widget_type=\"heading.default\">\n\t\t\t\t\t<div class=\"elementor-heading-title elementor-size-default\">Reconoce a la empresa de Marchena que haya destacado por su apoyo, patrocinio o impulso al desarrollo del deporte local.<\/div>\t\t\t\t<\/div>\n\t\t\t\t<div class=\"elementor-element elementor-element-19dc475 elementor-widget-divider--view-line elementor-widget elementor-widget-divider\" data-id=\"19dc475\" data-element_type=\"widget\" data-e-type=\"widget\" data-widget_type=\"divider.default\">\n\t\t\t\t\t\t\t<div class=\"elementor-divider\">\n\t\t\t<span class=\"elementor-divider-separator\">\n\t\t\t\t\t\t<\/span>\n\t\t<\/div>\n\t\t\t\t\t\t<\/div>\n\t\t\t\t\t<\/div>\n\t\t\t\t<\/div>\n\t\t<div class=\"elementor-element elementor-element-d076716 e-flex e-con-boxed e-con e-parent\" data-id=\"d076716\" data-element_type=\"container\" data-e-type=\"container\">\n\t\t\t\t\t<div class=\"e-con-inner\">\n\t\t<div class=\"elementor-element elementor-element-c629ce0 e-con-full e-flex e-con e-child\" data-id=\"c629ce0\" data-element_type=\"container\" data-e-type=\"container\">\n\t\t\t\t<div class=\"elementor-element elementor-element-0e9e422 elementor-widget elementor-widget-image\" data-id=\"0e9e422\" data-element_type=\"widget\" data-e-type=\"widget\" data-widget_type=\"image.default\">\n\t\t\t\t\t\t\t\t\t\t\t\t\t\t\t<img loading=\"lazy\" decoding=\"async\" width=\"369\" height=\"277\" src=\"https:\/\/galadeportemarchena.es\/wp-content\/uploads\/2026\/04\/LANDING_PREMIOS_MARCHENA_03_05.jpg\" class=\"attachment-full size-full wp-image-317\" alt=\"\" srcset=\"https:\/\/galadeportemarchena.es\/wp-content\/uploads\/2026\/04\/LANDING_PREMIOS_MARCHENA_03_05.jpg 369w, https:\/\/galadeportemarchena.es\/wp-content\/uploads\/2026\/04\/LANDING_PREMIOS_MARCHENA_03_05-300x225.jpg 300w\" sizes=\"(max-width: 369px) 100vw, 369px\" \/>\t\t\t\t\t\t\t\t\t\t\t\t\t\t\t<\/div>\n\t\t\t\t<div class=\"elementor-element elementor-element-5218e03 elementor-widget elementor-widget-heading\" data-id=\"5218e03\" data-element_type=\"widget\" data-e-type=\"widget\" data-widget_type=\"heading.default\">\n\t\t\t\t\t<h4 class=\"elementor-heading-title elementor-size-default\">JK FITNESS<\/h4>\t\t\t\t<\/div>\n\t\t\t\t<div class=\"elementor-element elementor-element-ea94024 elementor-widget elementor-widget-heading\" data-id=\"ea94024\" data-element_type=\"widget\" data-e-type=\"widget\" data-widget_type=\"heading.default\">\n\t\t\t\t\t<div class=\"elementor-heading-title elementor-size-default\">Empresa dedicada a Servicios Deportivos. <BR \/>Colabora en numerosas actividades,<BR \/> tanto organizadas por estamentos\np\u00fablicos como por entes privados<\/div>\t\t\t\t<\/div>\n\t\t\t\t<div class=\"elementor-element elementor-element-88ad2d3 elementor-align-center elementor-widget__width-initial pm-btn-votar elementor-widget elementor-widget-button\" data-id=\"88ad2d3\" data-element_type=\"widget\" data-e-type=\"widget\" data-categoria=\"Empresa colaboradora con el deporte\" data-candidato=\"JUAN CARLOS BALBOA VEGA\" data-widget_type=\"button.default\">\n\t\t\t\t\t\t\t\t\t\t<a class=\"elementor-button elementor-size-sm\" role=\"button\">\n\t\t\t\t\t\t<span class=\"elementor-button-content-wrapper\">\n\t\t\t\t\t\t\t\t\t<span class=\"elementor-button-text\">VOTAR ESTA OPCI\u00d3N<\/span>\n\t\t\t\t\t<\/span>\n\t\t\t\t\t<\/a>\n\t\t\t\t\t\t\t\t<\/div>\n\t\t\t\t<\/div>\n\t\t<div class=\"elementor-element elementor-element-e33e93c e-con-full e-flex e-con e-child\" data-id=\"e33e93c\" data-element_type=\"container\" data-e-type=\"container\">\n\t\t\t\t<div class=\"elementor-element elementor-element-82609a9 elementor-widget elementor-widget-image\" data-id=\"82609a9\" data-element_type=\"widget\" data-e-type=\"widget\" data-widget_type=\"image.default\">\n\t\t\t\t\t\t\t\t\t\t\t\t\t\t\t<img loading=\"lazy\" decoding=\"async\" width=\"369\" height=\"277\" src=\"https:\/\/galadeportemarchena.es\/wp-content\/uploads\/2026\/03\/vaquero_03-1.jpg\" class=\"attachment-full size-full wp-image-189\" alt=\"vaquero\" srcset=\"https:\/\/galadeportemarchena.es\/wp-content\/uploads\/2026\/03\/vaquero_03-1.jpg 369w, https:\/\/galadeportemarchena.es\/wp-content\/uploads\/2026\/03\/vaquero_03-1-300x225.jpg 300w\" sizes=\"(max-width: 369px) 100vw, 369px\" \/>\t\t\t\t\t\t\t\t\t\t\t\t\t\t\t<\/div>\n\t\t\t\t<div class=\"elementor-element elementor-element-8e64581 elementor-widget elementor-widget-heading\" data-id=\"8e64581\" data-element_type=\"widget\" data-e-type=\"widget\" data-widget_type=\"heading.default\">\n\t\t\t\t\t<h4 class=\"elementor-heading-title elementor-size-default\">GRUPO VAQUERO<\/h4>\t\t\t\t<\/div>\n\t\t\t\t<div class=\"elementor-element elementor-element-43c4e0a elementor-widget elementor-widget-heading\" data-id=\"43c4e0a\" data-element_type=\"widget\" data-e-type=\"widget\" data-widget_type=\"heading.default\">\n\t\t\t\t\t<div class=\"elementor-heading-title elementor-size-default\">Empresa del ramo del servicio a la hosteleria, colabora en actividades y eventos puntuales organizados y promovidos\npor entes p\u00fablicos y privados de nuestra localidad<\/div>\t\t\t\t<\/div>\n\t\t\t\t<div class=\"elementor-element elementor-element-6e2a27e elementor-align-center elementor-widget__width-initial pm-btn-votar elementor-widget elementor-widget-button\" data-id=\"6e2a27e\" data-element_type=\"widget\" data-e-type=\"widget\" data-categoria=\"Empresa colaboradora con el deporte\" data-candidato=\"CASA VAQUERO\" data-widget_type=\"button.default\">\n\t\t\t\t\t\t\t\t\t\t<a class=\"elementor-button elementor-size-sm\" role=\"button\">\n\t\t\t\t\t\t<span class=\"elementor-button-content-wrapper\">\n\t\t\t\t\t\t\t\t\t<span class=\"elementor-button-text\">VOTAR ESTA OPCI\u00d3N<\/span>\n\t\t\t\t\t<\/span>\n\t\t\t\t\t<\/a>\n\t\t\t\t\t\t\t\t<\/div>\n\t\t\t\t<\/div>\n\t\t<div class=\"elementor-element elementor-element-a3d0489 e-con-full e-flex e-con e-child\" data-id=\"a3d0489\" data-element_type=\"container\" data-e-type=\"container\">\n\t\t\t\t<div class=\"elementor-element elementor-element-1efce7c elementor-widget elementor-widget-image\" data-id=\"1efce7c\" data-element_type=\"widget\" data-e-type=\"widget\" data-widget_type=\"image.default\">\n\t\t\t\t\t\t\t\t\t\t\t\t\t\t\t<img loading=\"lazy\" decoding=\"async\" width=\"369\" height=\"277\" src=\"https:\/\/galadeportemarchena.es\/wp-content\/uploads\/2026\/03\/procavi_03.jpg\" class=\"attachment-full size-full wp-image-187\" alt=\"procavi\" srcset=\"https:\/\/galadeportemarchena.es\/wp-content\/uploads\/2026\/03\/procavi_03.jpg 369w, https:\/\/galadeportemarchena.es\/wp-content\/uploads\/2026\/03\/procavi_03-300x225.jpg 300w\" sizes=\"(max-width: 369px) 100vw, 369px\" \/>\t\t\t\t\t\t\t\t\t\t\t\t\t\t\t<\/div>\n\t\t\t\t<div class=\"elementor-element elementor-element-ddcb58a elementor-widget elementor-widget-heading\" data-id=\"ddcb58a\" data-element_type=\"widget\" data-e-type=\"widget\" data-widget_type=\"heading.default\">\n\t\t\t\t\t<h4 class=\"elementor-heading-title elementor-size-default\">PROCAVI<\/h4>\t\t\t\t<\/div>\n\t\t\t\t<div class=\"elementor-element elementor-element-1bb8eae elementor-widget elementor-widget-heading\" data-id=\"1bb8eae\" data-element_type=\"widget\" data-e-type=\"widget\" data-widget_type=\"heading.default\">\n\t\t\t\t\t<div class=\"elementor-heading-title elementor-size-default\">Empresa C\u00e1rnica presta su apoyo a numerosas asociaciones, clubes y Ayuntamiento\npara llevar a cabo la celebraci\u00f3n de actividades. Actualmente y desde hace a\u00f1os Patrocinador Oficial de la Media Marat\u00f3n Marchena-Paradas<\/div>\t\t\t\t<\/div>\n\t\t\t\t<div class=\"elementor-element elementor-element-cf18df9 elementor-align-center elementor-widget__width-initial pm-btn-votar elementor-widget elementor-widget-button\" data-id=\"cf18df9\" data-element_type=\"widget\" data-e-type=\"widget\" data-categoria=\"Empresa colaboradora con el deporte\" data-candidato=\"PROCAVI\" data-widget_type=\"button.default\">\n\t\t\t\t\t\t\t\t\t\t<a class=\"elementor-button elementor-size-sm\" role=\"button\">\n\t\t\t\t\t\t<span class=\"elementor-button-content-wrapper\">\n\t\t\t\t\t\t\t\t\t<span class=\"elementor-button-text\">VOTAR ESTA OPCI\u00d3N<\/span>\n\t\t\t\t\t<\/span>\n\t\t\t\t\t<\/a>\n\t\t\t\t\t\t\t\t<\/div>\n\t\t\t\t<\/div>\n\t\t\t\t\t<\/div>\n\t\t\t\t<\/div>\n\t\t<div class=\"elementor-element elementor-element-1447277 e-flex e-con-boxed e-con e-parent\" data-id=\"1447277\" data-element_type=\"container\" data-e-type=\"container\">\n\t\t\t\t\t<div class=\"e-con-inner\">\n\t\t\t\t<div class=\"elementor-element elementor-element-ac944b2 elementor-align-center elementor-widget__width-initial elementor-widget elementor-widget-button\" data-id=\"ac944b2\" data-element_type=\"widget\" data-e-type=\"widget\" data-widget_type=\"button.default\">\n\t\t\t\t\t\t\t\t\t\t<a class=\"elementor-button elementor-size-sm\" role=\"button\" id=\"pm-finalizar\">\n\t\t\t\t\t\t<span class=\"elementor-button-content-wrapper\">\n\t\t\t\t\t\t\t\t\t<span class=\"elementor-button-text\">VALIDAR TU VOTACI\u00d3N<\/span>\n\t\t\t\t\t<\/span>\n\t\t\t\t\t<\/a>\n\t\t\t\t\t\t\t\t<\/div>\n\t\t\t\t<div class=\"elementor-element elementor-element-298e8a3 elementor-widget elementor-widget-heading\" data-id=\"298e8a3\" data-element_type=\"widget\" data-e-type=\"widget\" data-widget_type=\"heading.default\">\n\t\t\t\t\t<h2 class=\"elementor-heading-title elementor-size-default\">*SE CIERRAN VOTACIONES EL 31 DE MAYO A LAS 23:59H<\/h2>\t\t\t\t<\/div>\n\t\t\t\t\t<\/div>\n\t\t\t\t<\/div>\n\t\t<div class=\"elementor-element elementor-element-6ade6c3 e-flex e-con-boxed e-con e-parent\" data-id=\"6ade6c3\" data-element_type=\"container\" data-e-type=\"container\" id=\"pm-resumen\">\n\t\t\t\t\t<div class=\"e-con-inner\">\n\t\t\t\t<div class=\"elementor-element elementor-element-9200336 elementor-widget elementor-widget-html\" data-id=\"9200336\" data-element_type=\"widget\" data-e-type=\"widget\" data-widget_type=\"html.default\">\n\t\t\t\t\t<div class=\"pm-final-wrap\">\r\n\r\n  <!-- IZQUIERDA -->\r\n  <div class=\"pm-final-left\">\r\n    <h2>VALIDA TU VOTO<\/h2>\r\n\r\n    <p>\r\n      Ya casi has terminado.<br>\r\n      Para registrar tu participaci\u00f3n y garantizar una \u00fanica votaci\u00f3n por persona,\r\n      completa los siguientes datos.\r\n    <\/p>\r\n\r\n    <img decoding=\"async\" src=\"https:\/\/galadeportemarchena.es\/wp-content\/uploads\/2026\/03\/LANDING_PREMIOS_MARCHENA_02-Recuperado_07.png\" class=\"pm-final-img\">\r\n  <\/div>\r\n\r\n  <!-- DERECHA -->\r\n  <div class=\"pm-final-right\">\r\n\r\n    <form id=\"pm-form-votacion\">\r\n\r\n      <label>Nombre<\/label>\r\n      <input type=\"text\" id=\"pm_nombre\" required>\r\n\r\n      <div class=\"pm-row\">\r\n        <div>\r\n          <label>DNI<\/label>\r\n          <input type=\"text\" id=\"pm_dni\" required>\r\n        <\/div>\r\n\r\n        <div>\r\n          <label>Tel\u00e9fono<\/label>\r\n          <input type=\"text\" id=\"pm_telefono\" required>\r\n        <\/div>\r\n      <\/div>\r\n\r\n      <label>Email<\/label>\r\n      <input type=\"email\" id=\"pm_email\" required>\r\n\r\n      <!-- RESUMEN -->\r\n      <div class=\"pm-votos-box\">\r\n        <h4>Tus votaciones<\/h4>\r\n        <div id=\"pm-votos-resumen\" class=\"pm-votos-grid\"><\/div>\r\n      <\/div>\r\n\r\n     <label class=\"pm-check\">\r\n  <input type=\"checkbox\" id=\"pm_privacidad\">\r\n  <span>He le\u00eddo y acepto la pol\u00edtica de privacidad<\/span>\r\n<\/label>\r\n\r\n      <button type=\"submit\" class=\"pm-enviar\">ENVIAR VOTACI\u00d3N<\/button>\r\n\r\n    <\/form>\r\n\r\n  <\/div>\r\n\r\n<\/div>\t\t\t\t<\/div>\n\t\t\t\t\t<\/div>\n\t\t\t\t<\/div>\n\t\t<div class=\"elementor-element elementor-element-031c9ad e-flex e-con-boxed e-con e-parent\" data-id=\"031c9ad\" data-element_type=\"container\" data-e-type=\"container\">\n\t\t\t\t\t<div class=\"e-con-inner\">\n\t\t\t\t<div class=\"elementor-element elementor-element-387faf4 elementor-widget elementor-widget-heading\" data-id=\"387faf4\" data-element_type=\"widget\" data-e-type=\"widget\" data-widget_type=\"heading.default\">\n\t\t\t\t\t<h3 class=\"elementor-heading-title elementor-size-default\">Preguntas frecuentes<\/h3>\t\t\t\t<\/div>\n\t\t\t\t<div class=\"elementor-element elementor-element-8ff9084 elementor-widget elementor-widget-image\" data-id=\"8ff9084\" data-element_type=\"widget\" data-e-type=\"widget\" data-widget_type=\"image.default\">\n\t\t\t\t\t\t\t\t\t\t\t\t\t\t\t<img loading=\"lazy\" decoding=\"async\" width=\"149\" height=\"120\" src=\"https:\/\/galadeportemarchena.es\/wp-content\/uploads\/2026\/03\/guion-1.png\" class=\"attachment-full size-full wp-image-123\" alt=\"\" \/>\t\t\t\t\t\t\t\t\t\t\t\t\t\t\t<\/div>\n\t\t\t\t<div class=\"elementor-element elementor-element-55fdd40 elementor-widget elementor-widget-n-accordion\" data-id=\"55fdd40\" data-element_type=\"widget\" data-e-type=\"widget\" data-settings=\"{&quot;default_state&quot;:&quot;expanded&quot;,&quot;max_items_expended&quot;:&quot;one&quot;,&quot;n_accordion_animation_duration&quot;:{&quot;unit&quot;:&quot;ms&quot;,&quot;size&quot;:400,&quot;sizes&quot;:[]}}\" data-widget_type=\"nested-accordion.default\">\n\t\t\t\t\t\t\t<div class=\"e-n-accordion\" aria-label=\"Accordion. Open links with Enter or Space, close with Escape, and navigate with Arrow Keys\">\n\t\t\t\t\t\t<details id=\"e-n-accordion-item-9010\" class=\"e-n-accordion-item\" open>\n\t\t\t\t<summary class=\"e-n-accordion-item-title\" data-accordion-index=\"1\" tabindex=\"0\" aria-expanded=\"true\" aria-controls=\"e-n-accordion-item-9010\" >\n\t\t\t\t\t<span class='e-n-accordion-item-title-header'><div class=\"e-n-accordion-item-title-text\"> \u00bfTengo que registrarme para ver las candidaturas? <\/div><\/span>\n\t\t\t\t\t\t\t<span class='e-n-accordion-item-title-icon'>\n\t\t\t<span class='e-opened' ><svg aria-hidden=\"true\" class=\"e-font-icon-svg e-fas-minus\" viewBox=\"0 0 448 512\" xmlns=\"http:\/\/www.w3.org\/2000\/svg\"><path d=\"M416 208H32c-17.67 0-32 14.33-32 32v32c0 17.67 14.33 32 32 32h384c17.67 0 32-14.33 32-32v-32c0-17.67-14.33-32-32-32z\"><\/path><\/svg><\/span>\n\t\t\t<span class='e-closed'><svg aria-hidden=\"true\" class=\"e-font-icon-svg e-fas-plus\" viewBox=\"0 0 448 512\" xmlns=\"http:\/\/www.w3.org\/2000\/svg\"><path d=\"M416 208H272V64c0-17.67-14.33-32-32-32h-32c-17.67 0-32 14.33-32 32v144H32c-17.67 0-32 14.33-32 32v32c0 17.67 14.33 32 32 32h144v144c0 17.67 14.33 32 32 32h32c17.67 0 32-14.33 32-32V304h144c17.67 0 32-14.33 32-32v-32c0-17.67-14.33-32-32-32z\"><\/path><\/svg><\/span>\n\t\t<\/span>\n\n\t\t\t\t\t\t<\/summary>\n\t\t\t\t<div role=\"region\" aria-labelledby=\"e-n-accordion-item-9010\" class=\"elementor-element elementor-element-61d3868 e-con-full e-flex e-con e-child\" data-id=\"61d3868\" data-element_type=\"container\" data-e-type=\"container\">\n\t\t<div role=\"region\" aria-labelledby=\"e-n-accordion-item-9010\" class=\"elementor-element elementor-element-81302e9 e-flex e-con-boxed e-con e-child\" data-id=\"81302e9\" data-element_type=\"container\" data-e-type=\"container\">\n\t\t\t\t\t<div class=\"e-con-inner\">\n\t\t\t\t<div class=\"elementor-element elementor-element-af1ee9c elementor-widget elementor-widget-text-editor\" data-id=\"af1ee9c\" data-element_type=\"widget\" data-e-type=\"widget\" data-widget_type=\"text-editor.default\">\n\t\t\t\t\t\t\t\t\t<p>No. Puedes consultar toda la informaci\u00f3n antes de votar.<\/p>\t\t\t\t\t\t\t\t<\/div>\n\t\t\t\t\t<\/div>\n\t\t\t\t<\/div>\n\t\t\t\t<\/div>\n\t\t\t\t\t<\/details>\n\t\t\t\t\t\t<details id=\"e-n-accordion-item-9011\" class=\"e-n-accordion-item\" >\n\t\t\t\t<summary class=\"e-n-accordion-item-title\" data-accordion-index=\"2\" tabindex=\"-1\" aria-expanded=\"false\" aria-controls=\"e-n-accordion-item-9011\" >\n\t\t\t\t\t<span class='e-n-accordion-item-title-header'><div class=\"e-n-accordion-item-title-text\"> \u00bfCu\u00e1ndo tengo que introducir mis datos? <\/div><\/span>\n\t\t\t\t\t\t\t<span class='e-n-accordion-item-title-icon'>\n\t\t\t<span class='e-opened' ><svg aria-hidden=\"true\" class=\"e-font-icon-svg e-fas-minus\" viewBox=\"0 0 448 512\" xmlns=\"http:\/\/www.w3.org\/2000\/svg\"><path d=\"M416 208H32c-17.67 0-32 14.33-32 32v32c0 17.67 14.33 32 32 32h384c17.67 0 32-14.33 32-32v-32c0-17.67-14.33-32-32-32z\"><\/path><\/svg><\/span>\n\t\t\t<span class='e-closed'><svg aria-hidden=\"true\" class=\"e-font-icon-svg e-fas-plus\" viewBox=\"0 0 448 512\" xmlns=\"http:\/\/www.w3.org\/2000\/svg\"><path d=\"M416 208H272V64c0-17.67-14.33-32-32-32h-32c-17.67 0-32 14.33-32 32v144H32c-17.67 0-32 14.33-32 32v32c0 17.67 14.33 32 32 32h144v144c0 17.67 14.33 32 32 32h32c17.67 0 32-14.33 32-32V304h144c17.67 0 32-14.33 32-32v-32c0-17.67-14.33-32-32-32z\"><\/path><\/svg><\/span>\n\t\t<\/span>\n\n\t\t\t\t\t\t<\/summary>\n\t\t\t\t<div role=\"region\" aria-labelledby=\"e-n-accordion-item-9011\" class=\"elementor-element elementor-element-42f4507 e-con-full e-flex e-con e-child\" data-id=\"42f4507\" data-element_type=\"container\" data-e-type=\"container\">\n\t\t<div role=\"region\" aria-labelledby=\"e-n-accordion-item-9011\" class=\"elementor-element elementor-element-5d2d5f2 e-flex e-con-boxed e-con e-child\" data-id=\"5d2d5f2\" data-element_type=\"container\" data-e-type=\"container\">\n\t\t\t\t\t<div class=\"e-con-inner\">\n\t\t\t\t<div class=\"elementor-element elementor-element-8660a8d elementor-widget elementor-widget-text-editor\" data-id=\"8660a8d\" data-element_type=\"widget\" data-e-type=\"widget\" data-widget_type=\"text-editor.default\">\n\t\t\t\t\t\t\t\t\t<p>Al final del proceso, justo antes de enviar tu votaci\u00f3n.<\/p>\t\t\t\t\t\t\t\t<\/div>\n\t\t\t\t\t<\/div>\n\t\t\t\t<\/div>\n\t\t\t\t<\/div>\n\t\t\t\t\t<\/details>\n\t\t\t\t\t\t<details id=\"e-n-accordion-item-9012\" class=\"e-n-accordion-item\" >\n\t\t\t\t<summary class=\"e-n-accordion-item-title\" data-accordion-index=\"3\" tabindex=\"-1\" aria-expanded=\"false\" aria-controls=\"e-n-accordion-item-9012\" >\n\t\t\t\t\t<span class='e-n-accordion-item-title-header'><div class=\"e-n-accordion-item-title-text\"> \u00bfCu\u00e1ntas veces puedo participar? <\/div><\/span>\n\t\t\t\t\t\t\t<span class='e-n-accordion-item-title-icon'>\n\t\t\t<span class='e-opened' ><svg aria-hidden=\"true\" class=\"e-font-icon-svg e-fas-minus\" viewBox=\"0 0 448 512\" xmlns=\"http:\/\/www.w3.org\/2000\/svg\"><path d=\"M416 208H32c-17.67 0-32 14.33-32 32v32c0 17.67 14.33 32 32 32h384c17.67 0 32-14.33 32-32v-32c0-17.67-14.33-32-32-32z\"><\/path><\/svg><\/span>\n\t\t\t<span class='e-closed'><svg aria-hidden=\"true\" class=\"e-font-icon-svg e-fas-plus\" viewBox=\"0 0 448 512\" xmlns=\"http:\/\/www.w3.org\/2000\/svg\"><path d=\"M416 208H272V64c0-17.67-14.33-32-32-32h-32c-17.67 0-32 14.33-32 32v144H32c-17.67 0-32 14.33-32 32v32c0 17.67 14.33 32 32 32h144v144c0 17.67 14.33 32 32 32h32c17.67 0 32-14.33 32-32V304h144c17.67 0 32-14.33 32-32v-32c0-17.67-14.33-32-32-32z\"><\/path><\/svg><\/span>\n\t\t<\/span>\n\n\t\t\t\t\t\t<\/summary>\n\t\t\t\t<div role=\"region\" aria-labelledby=\"e-n-accordion-item-9012\" class=\"elementor-element elementor-element-a411841 e-con-full e-flex e-con e-child\" data-id=\"a411841\" data-element_type=\"container\" data-e-type=\"container\">\n\t\t<div role=\"region\" aria-labelledby=\"e-n-accordion-item-9012\" class=\"elementor-element elementor-element-f2bee39 e-flex e-con-boxed e-con e-child\" data-id=\"f2bee39\" data-element_type=\"container\" data-e-type=\"container\">\n\t\t\t\t\t<div class=\"e-con-inner\">\n\t\t\t\t<div class=\"elementor-element elementor-element-1a20507 elementor-widget elementor-widget-text-editor\" data-id=\"1a20507\" data-element_type=\"widget\" data-e-type=\"widget\" data-widget_type=\"text-editor.default\">\n\t\t\t\t\t\t\t\t\t<p>Solo una vez por DNI.<\/p>\t\t\t\t\t\t\t\t<\/div>\n\t\t\t\t\t<\/div>\n\t\t\t\t<\/div>\n\t\t\t\t<\/div>\n\t\t\t\t\t<\/details>\n\t\t\t\t\t\t<details id=\"e-n-accordion-item-9013\" class=\"e-n-accordion-item\" >\n\t\t\t\t<summary class=\"e-n-accordion-item-title\" data-accordion-index=\"4\" tabindex=\"-1\" aria-expanded=\"false\" aria-controls=\"e-n-accordion-item-9013\" >\n\t\t\t\t\t<span class='e-n-accordion-item-title-header'><div class=\"e-n-accordion-item-title-text\"> \u00bfPuedo modificar mi voto despu\u00e9s de enviarlo? <\/div><\/span>\n\t\t\t\t\t\t\t<span class='e-n-accordion-item-title-icon'>\n\t\t\t<span class='e-opened' ><svg aria-hidden=\"true\" class=\"e-font-icon-svg e-fas-minus\" viewBox=\"0 0 448 512\" xmlns=\"http:\/\/www.w3.org\/2000\/svg\"><path d=\"M416 208H32c-17.67 0-32 14.33-32 32v32c0 17.67 14.33 32 32 32h384c17.67 0 32-14.33 32-32v-32c0-17.67-14.33-32-32-32z\"><\/path><\/svg><\/span>\n\t\t\t<span class='e-closed'><svg aria-hidden=\"true\" class=\"e-font-icon-svg e-fas-plus\" viewBox=\"0 0 448 512\" xmlns=\"http:\/\/www.w3.org\/2000\/svg\"><path d=\"M416 208H272V64c0-17.67-14.33-32-32-32h-32c-17.67 0-32 14.33-32 32v144H32c-17.67 0-32 14.33-32 32v32c0 17.67 14.33 32 32 32h144v144c0 17.67 14.33 32 32 32h32c17.67 0 32-14.33 32-32V304h144c17.67 0 32-14.33 32-32v-32c0-17.67-14.33-32-32-32z\"><\/path><\/svg><\/span>\n\t\t<\/span>\n\n\t\t\t\t\t\t<\/summary>\n\t\t\t\t<div role=\"region\" aria-labelledby=\"e-n-accordion-item-9013\" class=\"elementor-element elementor-element-6238993 e-con-full e-flex e-con e-child\" data-id=\"6238993\" data-element_type=\"container\" data-e-type=\"container\">\n\t\t<div role=\"region\" aria-labelledby=\"e-n-accordion-item-9013\" class=\"elementor-element elementor-element-f179109 e-flex e-con-boxed e-con e-child\" data-id=\"f179109\" data-element_type=\"container\" data-e-type=\"container\">\n\t\t\t\t\t<div class=\"e-con-inner\">\n\t\t\t\t<div class=\"elementor-element elementor-element-c6f2225 elementor-widget elementor-widget-text-editor\" data-id=\"c6f2225\" data-element_type=\"widget\" data-e-type=\"widget\" data-widget_type=\"text-editor.default\">\n\t\t\t\t\t\t\t\t\t<p>Una vez registrado, el voto no podr\u00e1 modificarse.<\/p>\t\t\t\t\t\t\t\t<\/div>\n\t\t\t\t\t<\/div>\n\t\t\t\t<\/div>\n\t\t\t\t<\/div>\n\t\t\t\t\t<\/details>\n\t\t\t\t\t\t<details id=\"e-n-accordion-item-9014\" class=\"e-n-accordion-item\" >\n\t\t\t\t<summary class=\"e-n-accordion-item-title\" data-accordion-index=\"5\" tabindex=\"-1\" aria-expanded=\"false\" aria-controls=\"e-n-accordion-item-9014\" >\n\t\t\t\t\t<span class='e-n-accordion-item-title-header'><div class=\"e-n-accordion-item-title-text\"> \u00bfQu\u00e9 ocurre si un DNI ya ha sido utilizado? <\/div><\/span>\n\t\t\t\t\t\t\t<span class='e-n-accordion-item-title-icon'>\n\t\t\t<span class='e-opened' ><svg aria-hidden=\"true\" class=\"e-font-icon-svg e-fas-minus\" viewBox=\"0 0 448 512\" xmlns=\"http:\/\/www.w3.org\/2000\/svg\"><path d=\"M416 208H32c-17.67 0-32 14.33-32 32v32c0 17.67 14.33 32 32 32h384c17.67 0 32-14.33 32-32v-32c0-17.67-14.33-32-32-32z\"><\/path><\/svg><\/span>\n\t\t\t<span class='e-closed'><svg aria-hidden=\"true\" class=\"e-font-icon-svg e-fas-plus\" viewBox=\"0 0 448 512\" xmlns=\"http:\/\/www.w3.org\/2000\/svg\"><path d=\"M416 208H272V64c0-17.67-14.33-32-32-32h-32c-17.67 0-32 14.33-32 32v144H32c-17.67 0-32 14.33-32 32v32c0 17.67 14.33 32 32 32h144v144c0 17.67 14.33 32 32 32h32c17.67 0 32-14.33 32-32V304h144c17.67 0 32-14.33 32-32v-32c0-17.67-14.33-32-32-32z\"><\/path><\/svg><\/span>\n\t\t<\/span>\n\n\t\t\t\t\t\t<\/summary>\n\t\t\t\t<div role=\"region\" aria-labelledby=\"e-n-accordion-item-9014\" class=\"elementor-element elementor-element-427a38a e-con-full e-flex e-con e-child\" data-id=\"427a38a\" data-element_type=\"container\" data-e-type=\"container\">\n\t\t<div role=\"region\" aria-labelledby=\"e-n-accordion-item-9014\" class=\"elementor-element elementor-element-8a6bd44 e-flex e-con-boxed e-con e-child\" data-id=\"8a6bd44\" data-element_type=\"container\" data-e-type=\"container\">\n\t\t\t\t\t<div class=\"e-con-inner\">\n\t\t\t\t<div class=\"elementor-element elementor-element-660a77a elementor-widget elementor-widget-text-editor\" data-id=\"660a77a\" data-element_type=\"widget\" data-e-type=\"widget\" data-widget_type=\"text-editor.default\">\n\t\t\t\t\t\t\t\t\t<p>El sistema bloquear\u00e1 el env\u00edo de una nueva votaci\u00f3n.<\/p>\t\t\t\t\t\t\t\t<\/div>\n\t\t\t\t\t<\/div>\n\t\t\t\t<\/div>\n\t\t\t\t<\/div>\n\t\t\t\t\t<\/details>\n\t\t\t\t\t<\/div>\n\t\t\t\t\t\t<\/div>\n\t\t\t\t\t<\/div>\n\t\t\t\t<\/div>\n\t\t<div class=\"elementor-element elementor-element-c57055b e-flex e-con-boxed e-con e-parent\" data-id=\"c57055b\" data-element_type=\"container\" data-e-type=\"container\" data-settings=\"{&quot;background_background&quot;:&quot;classic&quot;}\">\n\t\t\t\t\t<div class=\"e-con-inner\">\n\t\t\t\t<div class=\"elementor-element elementor-element-33755d8 elementor-widget elementor-widget-heading\" data-id=\"33755d8\" data-element_type=\"widget\" data-e-type=\"widget\" data-widget_type=\"heading.default\">\n\t\t\t\t\t<div class=\"elementor-heading-title elementor-size-default\">Gracias por formar parte de la<\/div>\t\t\t\t<\/div>\n\t\t\t\t<div class=\"elementor-element elementor-element-72f319a elementor-widget elementor-widget-heading\" data-id=\"72f319a\" data-element_type=\"widget\" data-e-type=\"widget\" data-widget_type=\"heading.default\">\n\t\t\t\t\t<div class=\"elementor-heading-title elementor-size-default\">Gala del Deporte de Marchena<\/div>\t\t\t\t<\/div>\n\t\t\t\t<div class=\"elementor-element elementor-element-4449cd1 elementor-widget elementor-widget-heading\" data-id=\"4449cd1\" data-element_type=\"widget\" data-e-type=\"widget\" data-widget_type=\"heading.default\">\n\t\t\t\t\t<div class=\"elementor-heading-title elementor-size-default\">13 DE JUNIO. 20H. LUGAR: AUDITORIO PEPE MARCHENA<\/div>\t\t\t\t<\/div>\n\t\t\t\t<div class=\"elementor-element elementor-element-9e43ad6 elementor-widget elementor-widget-heading\" data-id=\"9e43ad6\" data-element_type=\"widget\" data-e-type=\"widget\" data-widget_type=\"heading.default\">\n\t\t\t\t\t<div class=\"elementor-heading-title elementor-size-default\">Tu participaci\u00f3n ayuda a reconocer el esfuerzo, la dedicaci\u00f3n y los valores que hacen crecer el <br \/>deporte en nuestra localidad<\/div>\t\t\t\t<\/div>\n\t\t\t\t<div class=\"elementor-element elementor-element-99adbb0 elementor-widget elementor-widget-image\" data-id=\"99adbb0\" data-element_type=\"widget\" data-e-type=\"widget\" data-widget_type=\"image.default\">\n\t\t\t\t\t\t\t\t\t\t\t\t\t\t\t<img loading=\"lazy\" decoding=\"async\" width=\"788\" height=\"208\" src=\"https:\/\/galadeportemarchena.es\/wp-content\/uploads\/2026\/03\/logo_07.jpg\" class=\"attachment-large size-large wp-image-195\" alt=\"logo\" srcset=\"https:\/\/galadeportemarchena.es\/wp-content\/uploads\/2026\/03\/logo_07.jpg 788w, https:\/\/galadeportemarchena.es\/wp-content\/uploads\/2026\/03\/logo_07-300x79.jpg 300w, https:\/\/galadeportemarchena.es\/wp-content\/uploads\/2026\/03\/logo_07-768x203.jpg 768w\" sizes=\"(max-width: 788px) 100vw, 788px\" \/>\t\t\t\t\t\t\t\t\t\t\t\t\t\t\t<\/div>\n\t\t\t\t<div class=\"elementor-element elementor-element-317aecd elementor-widget elementor-widget-html\" data-id=\"317aecd\" data-element_type=\"widget\" data-e-type=\"widget\" data-widget_type=\"html.default\">\n\t\t\t\t\t<script>\r\ndocument.addEventListener('DOMContentLoaded', function () {\r\n    let votos = {};\r\n\r\n    const categoriasNecesarias = [\r\n        'Mejor deportista masculino',\r\n        'Mejor deportista femenino',\r\n        'Mejor deportista promesa\/revelaci\u00f3n',\r\n        'Trayectoria deportiva',\r\n        'Mejor club',\r\n        'Mejor entrenador\/a',\r\n        'Premio honor\u00edfico',\r\n        'Colectivo m\u00e1s colaborador con el deporte local',\r\n        'Premio a los Valores Deportivos'\r\n    ];\r\n\r\n    document.addEventListener('click', function (e) {\r\n        const botonReal = e.target.closest('.elementor-button');\r\n        if (botonReal) {\r\n            const wrap = botonReal.closest('.elementor-widget-button');\r\n\r\n            if (wrap && wrap.hasAttribute('data-categoria') && wrap.hasAttribute('data-candidato')) {\r\n                e.preventDefault();\r\n\r\n                const categoria = wrap.getAttribute('data-categoria');\r\n                const candidato = wrap.getAttribute('data-candidato');\r\n\r\n                if (!categoria || !candidato) return;\r\n\r\n                votos[categoria] = candidato;\r\n\r\n                document.querySelectorAll('.elementor-widget-button').forEach(function (el) {\r\n                    if (el.getAttribute('data-categoria') === categoria) {\r\n                        el.classList.remove('active');\r\n                    }\r\n                });\r\n\r\n                wrap.classList.add('active');\r\n\r\n                console.log('Votos actuales:', votos);\r\n                return;\r\n            }\r\n        }\r\n\r\n        const finalizar = e.target.closest('#pm-finalizar .elementor-button, #pm-finalizar');\r\n        if (finalizar) {\r\n            e.preventDefault();\r\n\r\n            for (let i = 0; i < categoriasNecesarias.length; i++) {\r\n                if (!votos[categoriasNecesarias[i]]) {\r\n                    abrirPopup('Atenci\u00f3n', 'Debes votar una candidatura en cada categor\u00eda antes de finalizar.');\r\n                    return;\r\n                }\r\n            }\r\n\r\n            let html = '';\r\n            Object.entries(votos).forEach(([categoria, candidato]) => {\r\n               html += '<div class=\"pm-voto-linea\"><strong>' + categoria + '<\/strong><br>' + candidato + '<\/div>';\r\n            });\r\n\r\n            document.getElementById('pm-votos-resumen').innerHTML = html;\r\n            document.getElementById('pm-resumen').classList.add('active');\r\n\r\n            window.scrollTo({\r\n                top: document.getElementById('pm-resumen').offsetTop - 40,\r\n                behavior: 'smooth'\r\n            });\r\n        }\r\n\r\n        const cerrar = e.target.closest('.pm-cerrar-popup');\r\n        if (cerrar) {\r\n            document.getElementById('pm-popup-overlay').classList.remove('active');\r\n        }\r\n    });\r\n\r\n    const form = document.getElementById('pm-form-votacion');\r\n    if (form) {\r\n        form.addEventListener('submit', function (e) {\r\n            e.preventDefault();\r\n\r\n            const nombre = document.getElementById('pm_nombre').value.trim();\r\n            const dni = document.getElementById('pm_dni').value.trim();\r\n            const telefono = document.getElementById('pm_telefono').value.trim();\r\n            const email = document.getElementById('pm_email').value.trim();\r\n            const privacidad = document.getElementById('pm_privacidad').checked;\r\n\r\n            if (!nombre || !dni || !telefono || !email) {\r\n                abrirPopup('Faltan datos', 'Completa todos los campos obligatorios.');\r\n                return;\r\n            }\r\n\r\n            if (!privacidad) {\r\n                abrirPopup('Aviso', 'Debes aceptar la pol\u00edtica de privacidad.');\r\n                return;\r\n            }\r\n\r\n            const formData = new FormData();\r\n            formData.append('action', 'guardar_votacion_marchena');\r\n            formData.append('nombre', nombre);\r\n            formData.append('dni', dni);\r\n            formData.append('telefono', telefono);\r\n            formData.append('email', email);\r\n            formData.append('votos', JSON.stringify(votos));\r\n\r\n            fetch('https:\/\/galadeportemarchena.es\/wp-admin\/admin-ajax.php', {\r\n                method: 'POST',\r\n                body: formData\r\n            })\r\n            .then(response => response.json())\r\n            .then(response => {\r\n                if (response.success) {\r\n                    abrirPopup('Votaci\u00f3n registrada', response.data.message);\r\n\r\n                    form.reset();\r\n                    votos = {};\r\n\r\n                    document.querySelectorAll('.elementor-widget-button.active').forEach(function(el){\r\n                        el.classList.remove('active');\r\n                    });\r\n\r\n                    document.getElementById('pm-resumen').classList.remove('active');\r\n                    document.getElementById('pm-votos-resumen').innerHTML = '';\r\n                } else {\r\n                    abrirPopup('Aviso', response.data.message);\r\n                }\r\n            })\r\n            .catch(() => {\r\n                abrirPopup('Error', 'Ha ocurrido un error al guardar la votaci\u00f3n.');\r\n            });\r\n        });\r\n    }\r\n\r\n    function abrirPopup(titulo, mensaje) {\r\n        document.getElementById('pm-popup-titulo').innerHTML = titulo;\r\n        document.getElementById('pm-popup-mensaje').innerHTML = mensaje;\r\n        document.getElementById('pm-popup-overlay').classList.add('active');\r\n    }\r\n});\r\n<\/script>\t\t\t\t<\/div>\n\t\t\t\t<div class=\"elementor-element elementor-element-fddd0fa elementor-widget elementor-widget-html\" data-id=\"fddd0fa\" data-element_type=\"widget\" data-e-type=\"widget\" data-widget_type=\"html.default\">\n\t\t\t\t\t<div class=\"pm-popup-overlay\" id=\"pm-popup-overlay\">\n  <div class=\"pm-popup\">\n    <h4 id=\"pm-popup-titulo\">Mensaje<\/h4>\n    <div id=\"pm-popup-mensaje\"><\/div>\n    <button type=\"button\" class=\"pm-cerrar-popup\">Cerrar<\/button>\n  <\/div>\n<\/div>\t\t\t\t<\/div>\n\t\t\t\t\t<\/div>\n\t\t\t\t<\/div>\n\t\t\t\t<\/div>\n\t\t","protected":false},"excerpt":{"rendered":"<p>Votaciones de la Gala del Deporte de Marchena Hola!Soy Julia Iriarte, concejala de Deportes, Asociaciones y Colectivos y Nuevas Tecnolog\u00edas del Ayuntamiento de Marchena, y quiero invitarte a formar parte de algo muy especial. En Marchena, el deporte lo hacemos entre todos y todas\u2026 y este a\u00f1o tambi\u00e9n lo decidimos junt@s. La Gala del Deporte [&hellip;]<\/p>\n","protected":false},"author":1,"featured_media":0,"parent":0,"menu_order":0,"comment_status":"closed","ping_status":"closed","template":"elementor_canvas","meta":{"footnotes":""},"class_list":["post-11","page","type-page","status-publish","hentry"],"_links":{"self":[{"href":"https:\/\/galadeportemarchena.es\/index.php\/wp-json\/wp\/v2\/pages\/11","targetHints":{"allow":["GET"]}}],"collection":[{"href":"https:\/\/galadeportemarchena.es\/index.php\/wp-json\/wp\/v2\/pages"}],"about":[{"href":"https:\/\/galadeportemarchena.es\/index.php\/wp-json\/wp\/v2\/types\/page"}],"author":[{"embeddable":true,"href":"https:\/\/galadeportemarchena.es\/index.php\/wp-json\/wp\/v2\/users\/1"}],"replies":[{"embeddable":true,"href":"https:\/\/galadeportemarchena.es\/index.php\/wp-json\/wp\/v2\/comments?post=11"}],"version-history":[{"count":253,"href":"https:\/\/galadeportemarchena.es\/index.php\/wp-json\/wp\/v2\/pages\/11\/revisions"}],"predecessor-version":[{"id":353,"href":"https:\/\/galadeportemarchena.es\/index.php\/wp-json\/wp\/v2\/pages\/11\/revisions\/353"}],"wp:attachment":[{"href":"https:\/\/galadeportemarchena.es\/index.php\/wp-json\/wp\/v2\/media?parent=11"}],"curies":[{"name":"wp","href":"https:\/\/api.w.org\/{rel}","templated":true}]}}